{"id":103,"date":"2021-05-05T12:27:08","date_gmt":"2021-05-05T10:27:08","guid":{"rendered":"https:\/\/octamus.fr\/?page_id=103"},"modified":"2021-09-17T20:02:21","modified_gmt":"2021-09-17T18:02:21","slug":"raymond-bonnardel","status":"publish","type":"page","link":"https:\/\/octamus.fr\/index.php\/raymond-bonnardel\/","title":{"rendered":"Raymond BONNARDEL"},"content":{"rendered":"\t\t<div data-elementor-type=\"wp-page\" data-elementor-id=\"103\" class=\"elementor elementor-103\">\n\t\t\t\t\t\t<section class=\"elementor-section elementor-top-section elementor-element elementor-element-31f33d4 elementor-section-boxed elementor-section-height-default elementor-section-height-default\" data-id=\"31f33d4\" data-element_type=\"section\" data-e-type=\"section\">\n\t\t\t\t\t\t<div class=\"elementor-container elementor-column-gap-default\">\n\t\t\t\t\t<div class=\"elementor-column elementor-col-100 elementor-top-column elementor-element elementor-element-50fc72f\" data-id=\"50fc72f\" data-element_type=\"column\" data-e-type=\"column\">\n\t\t\t<div class=\"elementor-widget-wrap elementor-element-populated\">\n\t\t\t\t\t\t<div class=\"elementor-element elementor-element-b989a5b elementor-widget elementor-widget-image\" data-id=\"b989a5b\" data-element_type=\"widget\" data-e-type=\"widget\" data-widget_type=\"image.default\">\n\t\t\t\t<div class=\"elementor-widget-container\">\n\t\t\t\t\t\t\t\t\t\t\t\t\t\t\t<img fetchpriority=\"high\" decoding=\"async\" data-attachment-id=\"1761\" data-permalink=\"https:\/\/octamus.fr\/index.php\/raymond-bonnardel\/bonnardel\/\" data-orig-file=\"https:\/\/octamus.fr\/wp-content\/uploads\/2021\/06\/Bonnardel.jpg\" data-orig-size=\"264,300\" data-comments-opened=\"1\" data-image-meta=\"{&quot;aperture&quot;:&quot;0&quot;,&quot;credit&quot;:&quot;&quot;,&quot;camera&quot;:&quot;&quot;,&quot;caption&quot;:&quot;&quot;,&quot;created_timestamp&quot;:&quot;0&quot;,&quot;copyright&quot;:&quot;&quot;,&quot;focal_length&quot;:&quot;0&quot;,&quot;iso&quot;:&quot;0&quot;,&quot;shutter_speed&quot;:&quot;0&quot;,&quot;title&quot;:&quot;&quot;,&quot;orientation&quot;:&quot;0&quot;}\" data-image-title=\"Bonnardel\" data-image-description=\"\" data-image-caption=\"&lt;p&gt;Le Professeur Bonnardel&lt;\/p&gt;\n\" data-large-file=\"https:\/\/octamus.fr\/wp-content\/uploads\/2021\/06\/Bonnardel.jpg\" width=\"264\" height=\"300\" src=\"https:\/\/octamus.fr\/wp-content\/uploads\/2021\/06\/Bonnardel.jpg\" class=\"attachment-large size-large wp-image-1761\" alt=\"\" data-attachment-id=\"1761\" data-permalink=\"https:\/\/octamus.fr\/index.php\/raymond-bonnardel\/bonnardel\/\" data-orig-file=\"https:\/\/octamus.fr\/wp-content\/uploads\/2021\/06\/Bonnardel.jpg\" data-orig-size=\"264,300\" data-comments-opened=\"1\" data-image-meta=\"{&quot;aperture&quot;:&quot;0&quot;,&quot;credit&quot;:&quot;&quot;,&quot;camera&quot;:&quot;&quot;,&quot;caption&quot;:&quot;&quot;,&quot;created_timestamp&quot;:&quot;0&quot;,&quot;copyright&quot;:&quot;&quot;,&quot;focal_length&quot;:&quot;0&quot;,&quot;iso&quot;:&quot;0&quot;,&quot;shutter_speed&quot;:&quot;0&quot;,&quot;title&quot;:&quot;&quot;,&quot;orientation&quot;:&quot;0&quot;}\" data-image-title=\"Bonnardel\" data-image-description=\"\" data-image-caption=\"&lt;p&gt;Le Professeur Bonnardel&lt;\/p&gt;\n\" data-large-file=\"https:\/\/octamus.fr\/wp-content\/uploads\/2021\/06\/Bonnardel.jpg\" \/>\t\t\t\t\t\t\t\t\t\t\t\t\t\t\t<\/div>\n\t\t\t\t<\/div>\n\t\t\t\t\t<\/div>\n\t\t<\/div>\n\t\t\t\t\t<\/div>\n\t\t<\/section>\n\t\t\t\t<section class=\"elementor-section elementor-top-section elementor-element elementor-element-6d3fb53d elementor-section-boxed elementor-section-height-default elementor-section-height-default\" data-id=\"6d3fb53d\" data-element_type=\"section\" data-e-type=\"section\">\n\t\t\t\t\t\t<div class=\"elementor-container elementor-column-gap-default\">\n\t\t\t\t\t<div class=\"elementor-column elementor-col-100 elementor-top-column elementor-element elementor-element-3f9f0789\" data-id=\"3f9f0789\" data-element_type=\"column\" data-e-type=\"column\">\n\t\t\t<div class=\"elementor-widget-wrap elementor-element-populated\">\n\t\t\t\t\t\t<div class=\"elementor-element elementor-element-28429509 elementor-widget elementor-widget-text-editor\" data-id=\"28429509\" data-element_type=\"widget\" data-e-type=\"widget\" data-widget_type=\"text-editor.default\">\n\t\t\t\t<div class=\"elementor-widget-container\">\n\t\t\t\t\t\t\t\t\t<strong\n<p><strong><em>Grades universitaires<\/em><\/strong><\/p>\n<!-- \/wp:paragraph -->\n\n<!-- wp:paragraph -->\n<p>\u25cf\u00a0Licence \u00e8s Sciences (1929).<br>\u25cf\u00a0Dipl\u00f4me de Psychologie G\u00e9n\u00e9rale et de Psychologie Appliqu\u00e9e de l\u2019Institut de Psychologie (1933).<br>\u25cf\u00a0Docteur \u00e8s Sciences (1934).<br>\u25cf\u00a0Docteur en M\u00e9decine (1936).<br>\u25cf\u00a0Expert Psychotechnicien de l\u2019Universit\u00e9 de Paris (1942).<\/p>\n<!-- \/wp:paragraph -->\n\n<!-- wp:paragraph -->\n<p><strong><em>Fonctions universitaires<\/em><\/strong><\/p>\n<!-- \/wp:paragraph -->\n\n<!-- wp:paragraph -->\n<p>\u25cf\u00a0Pr\u00e9parateur-adjoint au laboratoire de physiologie g\u00e9n\u00e9rale de la facult\u00e9 des sciences de Paris (1929-1930).<br>\u25cf\u00a0Pr\u00e9parateur au laboratoire d\u2019Organisation Physiologique du Travail de l\u2019\u00e9cole des hautes \u00e9tudes (1931)<\/p>\n<!-- \/wp:paragraph -->\n\n<!-- wp:paragraph -->\n<p>\u25cf\u00a0Charg\u00e9 de mission \u00e0 la Direction du Centre National de la Recherche Scientifique (1939-1940).<br>\u25cf\u00a0Professeur \u00e0 l\u2019Institut de Psychologie de l\u2019Universit\u00e9 de Paris (1943).<\/p>\n<!-- \/wp:paragraph -->\n\n<!-- wp:paragraph -->\n<p><strong><em>Enseignement \u00e0 l\u2019\u00e9tranger<\/em><\/strong><\/p>\n<!-- \/wp:paragraph -->\n\n<!-- wp:paragraph -->\n<p>\u25cf\u00a0Conf\u00e9rences \u00e0 l\u2019Universit\u00e9 de Li\u00e8ge (1947) et professeur d\u2019\u00e9change \u00e0 l\u2019Universit\u00e9 de Louvain (1948).<\/p>\n<!-- \/wp:paragraph -->\n\n<!-- wp:paragraph -->\n<p><strong><em>Missions \u00e0 l\u2019\u00e9tranger<\/em><\/strong><\/p>\n<!-- \/wp:paragraph -->\n\n<!-- wp:paragraph -->\n<p>\u25cf\u00a0Il a effectu\u00e9 deux missions de recherche : une \u00e0 la station scientifique internationale de Jungfraujoch, et l\u2019autre sur les indiens du Mexique.<\/p>\n<!-- \/wp:paragraph -->\n\n<!-- wp:paragraph -->\n<p><strong><em>Distinctions<\/em><\/strong><\/p>\n<!-- \/wp:paragraph -->\n\n<!-- wp:paragraph -->\n<p>\u25cf\u00a0Laur\u00e9at de la facult\u00e9 de M\u00e9decine de Paris (m\u00e9daille d\u2019argent 1936)\u00a0\u25cf\u00a0Laur\u00e9at de l\u2019Acad\u00e9mie de M\u00e9decine (prix Vernois 1937)<\/p>\n<!-- \/wp:paragraph -->\n\n<!-- wp:paragraph -->\n<p>\u25cf\u00a0R\u00e9compens\u00e9 par l\u2019Acad\u00e9mie des Sciences morales et politiques (fondation Dagnan Bouveret 1944).<\/p>\n<!-- \/wp:paragraph -->\n\n<!-- wp:paragraph -->\n<p><strong><em>Soci\u00e9t\u00e9s savantes<\/em><\/strong><\/p>\n<!-- \/wp:paragraph -->\n\n<!-- wp:paragraph -->\n<p>\u25cf\u00a0En 1951, il est Vice-pr\u00e9sident de la Soci\u00e9t\u00e9 Fran\u00e7aise de Psychologie et Secr\u00e9taire g\u00e9n\u00e9ral de l\u2019Association Internationale de Psychotechnique. Puis, en 1952, il est membre fondateur de l\u2019Association de Psychologie Scientifique de Langue Fran\u00e7aise.<\/p>\n<!-- \/wp:paragraph -->\n\n<!-- wp:paragraph -->\n<p><strong><em>Commissions<\/em><\/strong><\/p>\n<!-- \/wp:paragraph -->\n\n<!-- wp:paragraph -->\n<p>\u25cf\u00a0Membre de la classe I (Expression de la pens\u00e9e) de l\u2019Exposition Internationale de Paris de 1937<br>\u25cf\u00a0Secr\u00e9taire de la Section de Biologie du Palais de la D\u00e9couverte (1936-1938)<br>\u25cf\u00a0Membre de la Commission d\u2019Enqu\u00eate dans les colonies, pays de protectorat (1937)<\/p>\n<!-- \/wp:paragraph -->\n\n<!-- wp:paragraph -->\n<p>\u25cf\u00a0Secr\u00e9tariat de la r\u00e9daction de la revue \u00ab Le Travail Humain \u00bb (depuis la fondation en 1933)\u00a0\u25cf\u00a0Directeur de la revue \u00ab Le Travail Humain \u00bb \u00e0 partir de 1946.<\/p>\n<!-- \/wp:paragraph -->\n\n<!-- wp:paragraph -->\n<p>\u25cf\u00a0Secr\u00e9taire G\u00e9n\u00e9ral de l\u2019Association Internationale de Psychologie Appliqu\u00e9e (AIPA) (1951- 1964).<br>\u25cf\u00a0Organisation du 11e\u00a0congr\u00e8s de l\u2019AIPA \u00e0 Paris 1953, 600 participants, 130 communications.\u00a0\u25cf\u00a0Hommage \u00e0 Gaston Guyot en 1977 pour le cinquantenaire des EAP.<\/p>\n<!-- \/wp:paragraph -->\n\n<!-- wp:quote -->\n<blockquote class=\"wp-block-quote\"><p>Voir aussi :  <strong><a href=\"https:\/\/fr.wikipedia.org\/wiki\/Raymond_Bonnardel\">Raymond BONNARDEL in WIKIPEDIA<\/a><\/strong><\/p><\/blockquote>\n<!-- \/wp:quote -->\n\n<!-- wp:quote -->\n<blockquote class=\"wp-block-quote\"><p>Voir aussi :  <strong><a href=\"https:\/\/arimep.org\/index.php\/2016\/12\/07\/bonnardel-raymond\/\">Raymond BONNARDEL in arimep.org<\/a><\/strong><\/p><\/blockquote>\n<!-- \/wp:quote -->\n\n<!-- wp:quote -->\n<blockquote class=\"wp-block-quote\"><p>Voir aussi :  <strong><a href=\"http:\/\/orientation.greo.free.fr\/preindex4.html\">Raymond BONNARDEL in GREO<\/a><\/strong><\/p><\/blockquote>\n<!-- \/wp:quote -->\n\n<!-- wp:paragraph -->\n<p><strong>Articles parus dans les revues\u00a0<\/strong><\/p>\n<!-- \/wp:paragraph -->\n\n<!-- wp:paragraph -->\n<p>\u25cf 1 &#8211; <em>Action du courant constant appliqu\u00e9 sur le nerf sur les contractions spontan\u00e9es du muscle empoisonn\u00e9 par la guanidine<\/em>, 1931, C.R. Soc. Biol. 1931, t.VI, p. 458.<br>\u25cf 2 &#8211; <em>Les aptitudes requises dans la fabrication des mati\u00e8res colorantes<\/em>, (avec H. Laugier), 1931, BINOP, 1931, p. 155-160.\u00a0<\/p>\n<!-- \/wp:paragraph -->\n\n<!-- wp:paragraph -->\n<p>\u25cf 3 <em>&#8211; Summary of work of Langlois, Boussaguet, Desbouis, Garrelon, Marcou and Bouthier concerning human work in <\/em>an artificial mine (Avec H. Laugier), 1931, Centenary Meeting British Association for the Advancement of Science, Journal of philosophical transaction, London, 1931, p. 81, et Business and Science, The Sylvian Press, London, 1932, p. 128.\u00a0<\/p>\n<!-- \/wp:paragraph -->\n\n<!-- wp:paragraph -->\n<p>\u25cf 4 <em>&#8211; Recherches sur la physiologie du travail humain aux hautes altitudes<\/em>, (Avec V.Liberson), 1932, C.R. Acad.Bc, 1932, T, CXCIV, p. 1265.<br>\u25cf 5 &#8211; <em>Sur la variabilit\u00e9 des hauteurs des contractions produites par des excitations d\u2019ouverture de courants dont les caract\u00e9ristiques sont constantes, <\/em>(Avec M. Ozorio de Almeida), 1932, C.R.Soc. Bio. 1932.\u00a0<\/p>\n<!-- \/wp:paragraph -->\n\n<!-- wp:paragraph -->\n<p>\u25cf 6 &#8211; <em>Un nouvel enregistreur optique, <\/em>(Avec Culman), C. R. Soc., 1932.<br>\u25cf 7 &#8211; <em>Une exp\u00e9rience en cours sur l\u2019excitation s\u00e9lective par la dur\u00e9e, <\/em>(Avec H. Laugier), C.R.Soc.Bio., 1932, T. CX, p. 1235.<br>\u25cf 8 &#8211; <em>Action compar\u00e9 de l\u2019\u00e9lectrotonus sur les seuils des excitations de fermeture et d\u2019ouverture, <\/em>C.R. Soc. Biol., 1933, t. CXIII, P.1055.<br>\u25cf 9 &#8211; <em>Action du courant constant appliqu\u00e9 sur le nerf sur les contractions du muscle provoqu\u00e9es par excitation directe. <\/em>C. R. Soc. Biol., 1933, T. CXIII, P. 1120.<br>\u25cf 10 &#8211; <em>Appareil enregistreur optique permettant l\u2019enregistrement des ph\u00e9nom\u00e8nes \u00e9voluant tr\u00e8s rapidement dans le temps, <\/em>(Avec Culmann). Le Travail Humain, 1933, T. 1, P. 207.<br>\u25cf 11 &#8211; <em>Grilles d\u2019orientation et de s\u00e9lection professionnelles (aptitudes physiques) <\/em>(Avec Laugier), Album, 32 grilles en cellulo\u00efd, 1 tableau, 16 pages de texte, Publications du Travail Humain, n\u00b01, 1933.<br>\u00a0Travail Humain, 1933, t. 1, 432-444<br>\u25cf 13 &#8211; <em>Les grilles pour l\u2019orientation et la s\u00e9lection professionnelle, <\/em>(Avec H. Laugier). BINOP, Juin 1934, 8-12.<br>\u25cf 14 &#8211; <em>Modifications de la forme des courbes d\u2019excitabilit\u00e9 des nerfs au cours de l\u2019exp\u00e9rience, <\/em>(Avec S. Goudehaux). C.R. Soc. Biol., 1934, T. CXV, P. 627.<br>\u25cf 15 &#8211; <em>Sur la loi d\u2019excitation \u00e9lectrique par d\u00e9charges de condensateur dans un temps tr\u00e8s court, <\/em>(Avec S. Goudehaux). C. R. Soc. Biol., 1934, t. CXVI, P. 103.<br>\u25cf 16 &#8211; <em>Appareil pour l\u2019\u00e9tude de l\u2019\u00e9blouissement et de l\u2019adaptation aux faibles \u00e9clairages. <\/em>C. R. Soc. Biol., 1934, t. CXVI, p. 106.<br>\u25cf 17 &#8211; <em>Nouvel essai d\u2019expression math\u00e9matique des loi<\/em><em>s <\/em><em>d\u2019excitation par courants rectangulaires. <\/em>C. R. Soc. Biol., 1934, T. CXVI, P. 485.<br>\u25cf 18 &#8211; <em>Contribution exp\u00e9rimentale \u00e0 l\u2019\u00e9tude de l\u2019excitabilit\u00e9. Nouvel essai de traduction math\u00e9matique des faits. <\/em>Th\u00e8se de Sciences. In-8 raisin, 132 pages, 1934.<br>\u25cf 19 &#8211; <em>Contribution \u00e0 l\u2019\u00e9tude des lois d\u2019excitation \u00e9lectrique directe du muscle. <\/em>(Avec V. Liberson). C. R. Soc. Biol., Juin 1934, t. CXVI, p. 740.<br>\u25cf 20 &#8211; <em>Sur la relation entre l\u2019\u00e9nergie liminaire et la dur\u00e9e des stimuli dans l\u2019excitation du c\u0153ur de grenouille au moyen de d\u00e9charges de condensateurs<\/em>. C.R. Soc. Biol., Janvier 1935, t. CXVIII, p. 297.<br>\u25cf 21 &#8211; <em>Excitation des tissus lents au moyen de courants s\u2019\u00e9tablissant progressivement par \u00e9chelons, <\/em>(Avec S. Goudehaux) . C.R. Soc. Biol., 1935, t. CXVIII, p. 1153.<br>\u25cf 22 &#8211; <em>Contribution \u00e0 l\u2019\u00e9tude de l\u2019excitabilit\u00e9 des tissus lents. Lois d\u2019excitabilit\u00e9 \u00e9lectrique des muscles de sangsue au moyen de d\u00e9charges de condensateurs et d\u2019ondes rectangulaires. <\/em>Arch. Intern. Physiol. 1935, t. XLI, f. 2, 202-221.<br>\u25cf 23 &#8211; <em>Contribution \u00e0 l\u2019\u00e9tude de l\u2019excitabilit\u00e9 musculaire. Lois de l\u2019excitation du muscle normal au moyen de d\u00e9charges de condensateur. <\/em>Arch. Intern. Physiol. 1935-1936, t. XLII, f. 1, 111-144.<br>\u25cf 24 &#8211; <em>La consultation d\u2019orientation professionnelle de l\u2019Institut National d\u2019Orientation Professionnelle <\/em>(Avec Biscay et J. Monnin). BINOP, T. VIII, 1-9 et 41-50.<br>\u25cf 25 &#8211; <em>Les examens de la vision chromatique dans les services de s\u00e9curit\u00e9. Un nouvel appareil \u00bb. <\/em>Le Travail Humain<em>, 1936, iv, 65-70.<\/em>\u25cf 26 &#8211; <em>Vision et Profession. <\/em>Th\u00e8se de m\u00e9decine.1936. Publications du Travail Humain, n\u00b06.<br>\u25cf 27 &#8211; <em>Contribution \u00e0 l\u2019\u00e9tude de l\u2019excitation par les courants progressifs. <\/em>Arch. Intern. Physiol. 1936, t. XLIII, f. 1, 107-120.<br>\u25cf 28 &#8211; <em>La surdit\u00e9 et l\u2019orientation professionnelle <\/em>(Avec H. Laugier). Annales de proth\u00e8se auriculaire. 1936, n\u00b010, 31-37.<br>\u25cf 29 &#8211; <em>Echelle d\u2019acuit\u00e9. <\/em>23 bristols 14 x 14. Publication Le Travail Humain, 1936.<br>\u25cf 30 &#8211; <em>Quelles sont les possibilit\u00e9s professionnelles des aveugles ? <\/em>Concours m\u00e9dical. 1936, p. 3436.<br>\u25cf 31 &#8211; <em>Une nouvelle \u00e9chelle d\u2019optotypes<\/em>. Le Travail Humain, 1936, IV, p. 424, et les Editions EAP (Etablissements d\u2019Applications Psychotechniques) (<em>test d\u2019optotypes<\/em>) 1947.<br>\u25cf 32 &#8211; <em>Etude sur la conductibilit\u00e9 \u00e9lectrique du corps humain. Sur la possibilit\u00e9 d\u2019une s\u00e9lection des ouvriers \u00e9lectriciens par les tests de conductibilit\u00e9 <\/em>(Avec B. N\u00e9oussikine). Le Travail Humain, 1937, V, 55-88.<br>\u25cf 33 &#8211; <em>Calcul de la corr\u00e9lation existant entre deux distributions de mesures \u00e0 partir des d\u00e9cilages de ces distributions. <\/em>Le Travail Humain<em>, <\/em>1937, V, 89-93.<br>\u25cf 34 &#8211; <em>L\u2019examen physique en orientation professionnelle. <\/em>Conf\u00e9rence publi\u00e9e par l\u2019INETOP, 1937, 10 pages.\u00a0<\/p>\n<!-- \/wp:paragraph -->\n\n<!-- wp:paragraph -->\n<p>\u25cf 35 &#8211; <em>La biom\u00e9trie humaine. <\/em>(Avec H. Laugier), in La Biologie au palais de le D\u00e9couverte. Masson 1397.<br>\u25cf 36 &#8211; <em>La pr\u00e9sentation de la biologie au Palais de le D\u00e9couverte. <\/em>Presse M\u00e9dicale, 1937.<br>\u25cf 37 &#8211; <em>La vision et le travail. <\/em>Bulletin du Comit\u00e9 National de l\u2019organisation fran\u00e7aise, 1937\u00a0<\/p>\n<!-- \/wp:paragraph -->\n\n<!-- wp:paragraph -->\n<p>\u25cf 38 &#8211; <em>La relation alimentaire en fonction du travail. <\/em>Le travail Humain, 1938, VI, 64-80.<br>\u25cf 39 &#8211; <em>Action de la nicotine sur l\u2019excitation \u00e9lectrique du muscle. <\/em>Arch. Intern. Physiol., 1938, XLVII, 149-174.<br>\u25cf 40 &#8211; <em>Hygi\u00e8ne G\u00e9n\u00e9rale \u2013 Orientation professionnelle. <\/em>In Trait\u00e9 d\u2019Ophtalmologie de Daillart, Coutela, Redolob, Velter, Onfroy, Editions Masson, 1339, t. VIII, 370-383.<br>\u25cf 41 &#8211; <em>Recherches exp\u00e9rimentales sur la pr\u00e9vention des accidents. <\/em>L\u2019Ann\u00e9e Psychologique, 1939, 84-93.<br>\u25cf 42 &#8211; <em>Abaques pour la d\u00e9termination du coefficient de corr\u00e9lation t\u00e9trachorique. <\/em>EAP (Editions Scientifiques et Techniques, 1940.<br>\u25cf 43 &#8211; <em>Analyses factorielle d\u2019une s\u00e9rie de tests verbaux. <\/em>L\u2019Ann\u00e9e Psychologique. 1940, 14-37. \u25cf 44 &#8211; <em>Etude analytique d\u2019appr\u00e9ciations subjectives port\u00e9es sur des traits de personnalit\u00e9 humaine. <\/em>L\u2019Ann\u00e9e Psychologique, 1940-1941, 136-147.<br>\u25cf 45 &#8211; <em>La psychom\u00e9trie appliqu\u00e9e \u00e0 l\u2019industrie. Le psychom\u00e9tricien et les milieux professionnels. <\/em>Journal de psychologie, 1940-1941, 511-520.<br>\u25cf 46 &#8211; <em>L\u2019adaptation de l\u2019homme \u00e0 son m\u00e9tier. <\/em>Editions PUF, 1\u00e8re \u00e9dition 1943, 2e \u00e9dition 1946, 200 pages.<br>\u25cf 47 &#8211; <em>Comparaison de divers groupes professionnels et scolaires au moyen d\u2019une batterie de tests verbaux. <\/em>(Avec M. Coum\u00e9tou, R. Barban, R. Gervaise, M. Gros jean, J. Migault). Le Travail Humain, 1946, 2-22.<br>\u25cf 48 &#8211; <em>Etude de classifications de m\u00e9tiers au moyen de m\u00e9thodes statistiques. <\/em>Le Travail Humain, 1946, 130-149.<br>\u25cf 49 &#8211; <em>Application de la m\u00e9thode d\u2019analyse factorielle de Thurstone \u00e0 l\u2019\u00e9tude de la notation des copies d\u2019examens. <\/em>Le Travail Humain, 1946, 150-170.<br>\u25cf 50 &#8211; <em>La position de la psychotechnique en France. <\/em>Le Travail Humain, 1946, 171-177.<br>\u25cf 51 &#8211; <em>Etude sur l\u2019\u00e9valuation de l\u2019aptitude professionnelle de la maitrise subalterne et sur les jugements analytiques port\u00e9s sur les diff\u00e9rents aspects du comportement de l\u2019homme. <\/em>Le Travail Humain, 1946, 178-194.<br>\u25cf 52 &#8211; <em>Liaisons existant entre les tests verbaux et les tests de visualisation. Etude portant sur de jeunes apprentis. <\/em>Le Travail Humain, 1946, 195-200.<br>\u25cf 53 &#8211; <em>Le test du double labyrinthe \u2018B19DL\u2019. <\/em>Le Travail Humain, 1946, 212-218. R\u00e9alisation : <strong>EAP<\/strong>, 1946. (<em>Photo n\u00b01<\/em>).<br>\u25cf 54 &#8211; <em>Etudes sur les m\u00e9thodes de s\u00e9lection des apprentis. <\/em>Le travail Humain, 1947, 46-54<br>\u25cf 55 &#8211; <em>Une nouvelle \u00e9preuve de pr\u00e9cision m\u00e9canique ; le test \u2018Om\u00e9ga\u2019. <\/em>Le Travail Humain, 1947, 104-107. R\u00e9alisation : <strong>EAP<\/strong>, 1947. (<em>Photo n\u00b02<\/em>).<br>\u25cf 56 &#8211; <em>Une \u00e9tude comparative de tests g\u00e9om\u00e9trique et verbaux appliqu\u00e9s \u00e0 divers groupe professionnels et scolaires<\/em>. (Avec M. Coum\u00e9tou, H. Gervaise, M. Grosjean). Le travail Humain, 1947, 141-179.<br>\u25cf 57 &#8211; <em>Rationalisation physiologique du travail des liseuses de billage dans les ateliers de contr\u00f4le apr\u00e8s traitement thermique. <\/em>Le travail Humain, 1947, 254-266.<br>\u25cf 58 &#8211; <em>Correspondance entre deux tests verbaux (test \u2018V1.2\u2019 et test \u2018IL\u2019 Lahy). <\/em>Le Travail Humain, 1947, 267-270.<br>\u25cf 59 &#8211; <em>Les travaux du Laboratoire de psychologie Appliqu\u00e9e de l\u2019Ecole des Hautes Etudes (1940&#8211;1945) <\/em>in Les progr\u00e8s de la psychotechnique. PUF, 1947, 174-192.\u00a0<\/p>\n<!-- \/wp:paragraph -->\n\n<!-- wp:paragraph -->\n<p>\u25cf 60 &#8211; <em>Etude biom\u00e9trique d\u2019un groupe d\u2019Indiens au Mexique (Otomis). I. Recherches psychom\u00e9triques. <\/em>(Avec R. Solis Quiroga, C. et M. Bassauri, R. Bonnardel, H. Garcia, P. Gravita, S. Martinez, Monnier, C. Najera, Nondero, R. Rulfo, M. Schreicer, M. Zuniga). Le Travail Humain. 1948, 1-68.\u00a0<\/p>\n<!-- \/wp:paragraph -->\n\n<!-- wp:paragraph -->\n<p>\u25cf 61- <em>Recherche exp\u00e9rimentale sur l\u2019\u00e9valuation des \u2018essais professionnels\u2019. Etude statistique des notations d\u2019une s\u00e9rie d\u2019\u00e9preuves d\u2019ajustage m\u00e9canique. <\/em>Le Travail Humain, 1948, 101-108<br>\u25cf 62- <em>Fiche pour le calcul du coefficient de corr\u00e9lation de Pearson. <\/em>Le Travail Humain. 1948, 109-113,\u00a0<\/p>\n<!-- \/wp:paragraph -->\n\n<!-- wp:paragraph -->\n<p>\u25cf 63 &#8211; <em>Int\u00e9r\u00eat relatif de divers tests de performance en vue du diagnostic de l\u2019adaptabilit\u00e9 d\u2019un groupe d\u2019ouvri\u00e8res dans les travaux d\u2019usinage m\u00e9canique. <\/em>Le Travail Humain. 1948, 191-199.<br>\u25cf 64 &#8211; <em>Etude des modifications de l\u2019excitabilit\u00e9 musculaire sous l\u2019influence de la fatigue. <\/em>(Avec S. Jagues). Le Travail Humain. 1948, 226-278.\u00a0<\/p>\n<!-- \/wp:paragraph -->\n\n<!-- wp:paragraph -->\n<p>\u25cf 65 <em>&#8211; La psychom\u00e9trie de la pr\u00e9vention des accidents. L\u2019importance du facteur \u2018d\u2019intelligence concr\u00e8te\u2019. <\/em>Le Travail Humain, 1949, 1-15.<br>\u25cf 66 &#8211; <em>Sur la signification de la m\u00e9thode d\u2019observation au cours du passage d\u2019un test. <\/em>Le Travail Humain, 1949, 75-84.\u00a0<\/p>\n<!-- \/wp:paragraph -->\n\n<!-- wp:paragraph -->\n<p>\u25cf 67- <em>Examen psychom\u00e9triques et la promotion ouvri\u00e8re. Etude portant sur un groupe d\u2019ouvriers \u00e9lectriciens en cours de perfectionnement. <\/em>Le Travail Humain, 1949, 113-118.<br>\u25cf 68 &#8211; <em>Appr\u00e9ciations professionnelles et notation psychom\u00e9triques. Etude portant sur un groupe de jeunes ouvriers. <\/em>Le travail Humain, 1949, 119-125.\u00a0<\/p>\n<!-- \/wp:paragraph -->\n\n<!-- wp:paragraph -->\n<p>\u25cf 69 &#8211; <em>Nouvelles recherches sur la m\u00e9thode d\u2019observation au cours d\u2019un passage d\u2019un test. <\/em>(Avec C. Chauffard). Le Travail Humain, 1949, 199-214.<br>\u25cf 70 &#8211; <em>Recherches sur la promotion des ouvriers dans les cadres de la ma\u00eetrise. <\/em>Le Travail Humain, 1949, 245-256.\u00a0<\/p>\n<!-- \/wp:paragraph -->\n\n<!-- wp:paragraph -->\n<p>\u25cf 71 &#8211; <em>Industrial psychology in France (L\u2019introduction de la psychologie industrielle en France et ses r\u00e9alisations actuelles). <\/em>Le Travail Humain, 1949, 47-68.<br>\u25cf 72 &#8211; <em>Le fonctionnement du syst\u00e8me nerveux. <\/em>Editions PUF, 1950, 80 pages.<br>\u25cf 73- <em>L\u2019emploi des m\u00e9thodes psychom\u00e9triques pour le contr\u00f4le des conditions psychologiques du travail dans les ateliers. <\/em>Le Travail Humain, 1950, 75-84.\u00a0<\/p>\n<!-- \/wp:paragraph -->\n\n<!-- wp:paragraph -->\n<p>\u25cf 74 &#8211; <em>Etude exp\u00e9rimentale d\u2019un test d\u2019orthographe. Le test \u2018BOR18\u2019. <\/em>Les Travail Humain, 1950, 236-253. Diffusion du test : Editions <strong>EAP<\/strong>, 1951.<br>\u25cf 75 &#8211; <em>Une nouvelle \u00e9preuve de pr\u00e9cision des mouvements. Le test \u2018sinuso\u00efde\u2019. <\/em>Le Travail Humain, 1950, 270-273. R\u00e9alisation : <strong>EAP<\/strong>, 1951. (<em>photo n\u00b03<\/em>).\u00a0<\/p>\n<!-- \/wp:paragraph -->\n\n<!-- wp:paragraph -->\n<p>\u25cf 76 &#8211; <em>M\u00e9thode rapide pour le calcul des corr\u00e9lations moyennes. <\/em>Le Travail Humain, 1950, 274-282.<br>\u25cf 77 &#8211; <em>Etude exp\u00e9rimentale d\u2019un test de compr\u00e9hension verbale abstraite. Le test \u2018BV16\u2019. <\/em>Journal de Psychologie, 1950, 245-278. Diffusion du test : Editions <strong>EAP<\/strong>, 1951.\u00a0<\/p>\n<!-- \/wp:paragraph -->\n\n<!-- wp:paragraph -->\n<p>\u25cf 78 &#8211; <em>Etude psychom\u00e9trique sur le personnel d\u2019un atelier d\u2019outillage m\u00e9canique. <\/em>Le Travail Humain, 1951, 66-75.<br>\u25cf 79 &#8211; <em>Etude d\u2019une \u00e9preuve de compr\u00e9hension du vocabulaire. Le test \u2018BV8\u2019. <\/em>Le Travail Humain, 1951, 77-89. Diffusion du test : Editions <strong>EAP<\/strong>, 1952.\u00a0<\/p>\n<!-- \/wp:paragraph -->\n\n<!-- wp:paragraph -->\n<p>\u25cf 80 &#8211; <em>Etude de la pr\u00e9cision des mesures effectu\u00e9es au pied \u00e0 coulisse par des apprentis. <\/em>Le Travail Humain, 1951, 118-121.<br>\u25cf 81 &#8211; <em>Recherches exp\u00e9rimentales sur la cotation des essais professionnels. <\/em>(Avec L. Dumont). Le Travail Humain, 1951, 153-215.\u00a0<\/p>\n<!-- \/wp:paragraph -->\n\n<!-- wp:paragraph -->\n<p>\u25cf 82 &#8211; <em>Une nouvelle \u00e9preuve de pr\u00e9cision de la coordination des mouvements. Le test la \u2018grecque\u2019. <\/em>Le Travail Humain, 1951, 254-257. R\u00e9alisation : <strong>EAP<\/strong>, 1952. (<em>Photo n\u00b04<\/em>).<br>\u25cf 83 &#8211; <em>Etude exp\u00e9rimentale sur les \u00e9preuves d\u2019atelier (Ajustage, niveau du Certificat d\u2019Aptitude Professionnelle). <\/em>Le travail Humain , 1951 261-275.\u00a0<\/p>\n<!-- \/wp:paragraph -->\n\n<!-- wp:paragraph -->\n<p>\u25cf 84 &#8211; <em>Un test de pr\u00e9cision : Le test \u2018 mexicain\u2019, <\/em>Le Travail Humain, 1951, 321-325. R\u00e9alisation : <strong>EAP<\/strong>, 1951. (<em>Photo n\u00b05<\/em>).<br>\u25cf 85 &#8211; <em>L\u2019\u00e9volution de la psychologie industrielle en France et ses r\u00e9alisations actuelles. <\/em>L\u2019Ann\u00e9e Psychologique, Volume jubilaire en hommage \u00e0 Henri Pi\u00e9ron, 1951, 485-505.\u00a0<\/p>\n<!-- \/wp:paragraph -->\n\n<!-- wp:paragraph -->\n<p>\u25cf 86 &#8211; <em>Evolution des liaisons entre les r\u00e9ussites dans les diverses mati\u00e8res scolaires. <\/em>Journal de Psychologie, 1951, 438-471<br>\u25cf 87 &#8211; <em>Regard sur la Psychologie Appliqu\u00e9e. <\/em>Le Travail Humain, 1952, 1-34.<br>\u25cf 88 &#8211; <em>Etude exp\u00e9rimentale sur les fluctuations d\u2019\u00e9chantillonnage du coefficient de corr\u00e9lation enn\u00e9achorique de Coum\u00e9tou. <\/em>Le Travail Humain, 1952, 108-110.\u00a0<\/p>\n<!-- \/wp:paragraph -->\n\n<!-- wp:paragraph -->\n<p>\u25cf 89 &#8211; <em>Le test des \u2018disques\u2019. <\/em>Le Travail Humain, 1952, 219-228. R\u00e9alisation <strong>EAP<\/strong>, 1952. (<em>Photo n\u00b06<\/em>).<br>\u25cf 90 &#8211; <em>Un exemple de difficult\u00e9s soulev\u00e9es par la question des crit\u00e8res professionnels. <\/em>Le travail humain, 1952, 234-237.\u00a0<\/p>\n<!-- \/wp:paragraph -->\n\n<!-- wp:paragraph -->\n<p>\u25cf 91 &#8211; <em>Notes psychom\u00e9triques des ouvriers proposant des am\u00e9liorations dans l\u2019organisation de leur travail. <\/em>Le Travail Humain, 1952, 238-239.<br>\u25cf 92 &#8211; <em>Etude d\u2019une batterie de tests de niveau de la seconde et de la troisi\u00e8me dans l\u2019enseignement secondaire. <\/em>Enfance, 1952, 21-32.\u00a0<\/p>\n<!-- \/wp:paragraph -->\n\n<!-- wp:paragraph -->\n<p>\u25cf 93 &#8211; <em>La pr\u00e9paration aux carri\u00e8res de la psychologie appliqu\u00e9e. <\/em>Bulletin du Groupe des \u00e9tudiants de psychologie, v, n\u00b03, 1952, 154-160.<br>\u25cf 94 &#8211; <em>Etude de la fid\u00e9lit\u00e9 des notes dans les examens du certificat d\u2019aptitude professionnelle. Valeur compar\u00e9e au pronostic \u00e9tabli \u00e0 partir d\u2019examens psychom\u00e9triques. <\/em>Le Travail Humain, 1953, 31-40.\u00a0<\/p>\n<!-- \/wp:paragraph -->\n\n<!-- wp:paragraph -->\n<p>\u25cf 95 &#8211; <em>Etude d\u2019un nouveau test d\u2019orthographe. Le test \u2018BOR19\u2019. <\/em>Le travail Humain, 1953, 89-97. Diffusion du test : Editions <strong>EAP<\/strong>, 1953.<br>\u25cf 96 &#8211; <em>Les \u2018diagrammes d\u2019intercorr\u00e9lation\u2019 en analyse factorielle. <\/em>Le Travail Humain, 1953, 103-136.\u00a0<\/p>\n<!-- \/wp:paragraph -->\n\n<!-- wp:paragraph -->\n<p>\u25cf 97 &#8211; <em>Le test d\u2019intelligence pratique \u2018B101\u2019. <\/em>Le Travail Humain, 1953, 253-266. . R\u00e9alisation : <strong>EAP<\/strong>, 1953. (<em>Photo n\u00b07).<\/em>\u25cf 98 &#8211; <em>Le test des r\u00e9actions Complexes \u2018RCB\u2019. <\/em>Le travail Humain, 1953, 267-273. Bollettino di Psicologia Applicata (en italien) 1955, 36-41. R\u00e9alisation : <strong>EAP<\/strong>, 1953. (<em>Photo n\u00b08,).\u00a0<\/em><\/p>\n<!-- \/wp:paragraph -->\n\n<!-- wp:paragraph -->\n<p>\u25cf 99 &#8211; <em>Etude des \u00ab aptitudes \u00bb scolaires dans l\u2019enseignement secondaire au niveau de la seconde et de la troisi\u00e8me<\/em>. Journal de Psychologie, 1953, 62-86.<br>\u25cf 100 &#8211; <em>Le Service de Psychologie Appliqu\u00e9e. XXV anniversaire de l\u2019Institut National d\u2019Etude du Travail et d\u2019Orientation Professionnelle. <\/em>BINOP, n\u00b0 sp\u00e9cial, 1953, 92-99.\u00a0<\/p>\n<!-- \/wp:paragraph -->\n\n<!-- wp:paragraph -->\n<p>\u25cf 101 &#8211; <em>Discours inaugural du XI Congr\u00e8s International de Psychotechnique. Paris 1953. <\/em>Bulletin de l\u2019Association Internationale de psychotechnique, 1953, 26-11. Revista de psicologia general y aplicada (En espagnol), 1954, 113-119.<br>\u25cf 102 &#8211; <em>Examen des chauffeurs de camion au moyen du test des R\u00e9actions Complexes \u2018RCB\u2019. <\/em>Le Travail Humain, 1954, 272-284.<br>\u25cf 103 &#8211; <em>Analyse factorielle d\u2019une batterie de tests manipulatifs. Signification des facteurs en fonction du comportement au travail. <\/em>Le Travail Humain, 1955, 1-16.<br>\u25cf 104 &#8211; <em>Le test d\u2019intelligence concr\u00e8te \u2018B20\u2019. <\/em>Le travail Humain, 1955, 124-129. R\u00e9alisation : <strong>EAP<\/strong>, 1953. (<em>Photo n\u00b0 9).\u00a0<\/em><\/p>\n<!-- \/wp:paragraph -->\n\n<!-- wp:paragraph -->\n<p>\u25cf 105 &#8211; <em>Pratique de la technique des diagrammes d\u2019intercorr\u00e9lations pour l\u2019analyse d\u2019une matrice de corr\u00e9lations admettant le patron du Bi-factor d\u2019Holzinger. <\/em>Le Travail Humain, 1955, 130-134.<br>\u25cf 106 &#8211; <em>Caract\u00e9ristiques des graphiques des \u00ab vecteurs \u00e9tendus \u00bb de Thurstone dans le cas du patron du Bi-factor d\u2019Holzinger. <\/em>Le Travail Humain, 1955, 135-141.\u00a0<\/p>\n<!-- \/wp:paragraph -->\n\n<!-- wp:paragraph -->\n<p>\u25cf 107 &#8211; <em>Etude des seuils d\u2019audition en milieu industriel et leur nuisance des bruits de fonderie et de forge. <\/em>Le Travail humain, 1955, 173-192.<br>\u25cf 108 &#8211; <em>Examen de sportifs professionnels au moyen d\u2019une batterie de tests de r\u00e9action. <\/em>Le Travail Humain, 1955, 230-237.\u00a0<\/p>\n<!-- \/wp:paragraph -->\n\n<!-- wp:paragraph -->\n<p>\u25cf 109 &#8211; <em>Nouvelle \u00e9tude exp\u00e9rimentale sur les fluctuations d\u2019\u00e9chantillonnage du coefficient enn\u00e9achorique de Coum\u00e9tou. <\/em>Le Travail Humain, 1955,<br>\u25cf 110 &#8211; <em>La recherche en psychologie industrielle dans la grande entreprise. Symposium sur \u2018l\u2019 organisation et l\u2019 application de la recherche\u2019 , XIIe Congr\u00e8s International de Psychotechnique, de Londres, 1955. <\/em>Bulletin de l\u2019Association Internationale de Psychologie Appliqu\u00e9e. 1956, 65-68.\u00a0<\/p>\n<!-- \/wp:paragraph -->\n\n<!-- wp:paragraph -->\n<p>\u25cf 111 &#8211; <em>R\u00e9alisation en France dans le domaine de la psychologie industrielle. <\/em>Revue Internationale du Travail, 1956, 632-654. <em>Progress in Industrial psychology in France. <\/em>International Labour Review, 1956, 572-591. <em>La psicologia industrial en francia. <\/em>Revista Internacional del trabajo, 1956, 649-671.\u00a0<\/p>\n<!-- \/wp:paragraph -->\n\n<!-- wp:paragraph -->\n<p>\u25cf 112 &#8211; <em>Travail humain et cin\u00e9ma technique. <\/em>Le travail Humain, 1956, 1-2.<br>\u25cf 113 &#8211; <em>Etude sur l\u2019\u00e9volution des r\u00e9sultats des examens psychom\u00e9triques au cours de l\u2019adolescence (14 \u00e0 17 ans) et sur le degr\u00e9 des classements. <\/em>Le Travail Humain, 1956, 222-229.<br>\u25cf 114 &#8211; <em>Etude du test de repr\u00e9sentation spatiale \u2018B22\u2019<\/em>. Le travail Humain, 1956, 278-286. R\u00e9alisation : <strong>EAP<\/strong>, 1956. <em>(Photo n\u00b010).<\/em>\u25cf 115 &#8211; <em>Les \u00ab diagrammes d\u2019intercorr\u00e9lations \u00bb dans le radex de Guttman. <\/em>Le Travail Humain, 1956, 196-313.<br>\u25cf 116 &#8211; <em>Remarques sur l\u2019orientation des \u00e9tudiants en psychologie appliqu\u00e9e et sur leurs \u00e9tudes. <\/em>Bulletin du Groupe des \u00e9tudiants de psychologie. X, n\u00b02, du 12 d\u00e9cembre 1956.<br>\u25cf 117 &#8211; <em>Analyse factorielle d\u2019une batterie comportant des tests manipulatifs et des tests de r\u00e9actions. <\/em>Le Travail Humain, 1957, 313-322.<br>\u25cf 118 &#8211; <em>Nouvelle recherche sur un test diff\u00e9rentiel de compr\u00e9hension verbale abstraite : le test \u2018BV16\u2019. <\/em>Le Travail Humain, 1957, 339-349.<br>\u25cf 119 &#8211; <em>La psychologie appliqu\u00e9e au travail. Evolution g\u00e9n\u00e9rale des conceptions. <\/em>Encyclop\u00e9die M\u00e9dico-chirurgicale in tome \u2018Hygi\u00e8ne et L\u00e9gislation\u2019, 1957.<br>\u25cf 120 &#8211; <em>Evolution de la psychologie et formation du psychologue<\/em>. Colloque sur la formation th\u00e9orique et professionnelle du psychologue du XVe Congr\u00e8s international de psychologie, Bruxelles, 28 juillet \u2013 3Ao\u00fbt 1957.<br>\u25cf 121 &#8211; <em>Remarques sur l\u2019\u00e9tude de M Delys : \u00ab Une approche d\u2019analyse de la fonction de sous- officier \u00bb. <\/em>Symposium international de psychologie militaire, Bruxelles, 26-27 juillet 1957.<br>\u25cf 122 &#8211; <em>La main et l\u2019outil. <\/em>Colloque international du Centre National de la Recherche Scientifique sur \u2018les processus de l\u2019hominisation\u2019, 1958, 12 pages.<br>\u25cf 123 &#8211; <em>Comparaison d\u2019examens psychom\u00e9triques des jeunes ing\u00e9nieurs et de cadres administratifs. <\/em>Le Travail Humain, 1958, 249-253.<br>\u25cf 124 &#8211; <em>Sur la validit\u00e9 des techniques de diagnostic de la personnalit\u00e9 utilis\u00e9es dans les examens de cadres. <\/em>Le Travail Humain, 1958, 251-270.<br>\u25cf 125 &#8211; <em>Le symposium sur la Docimologie. <\/em>XIIe Congr\u00e8s International de Psychologie Appliqu\u00e9e, Rome, 1958. Le Travail Humain, 1959, 1-4.<br>\u25cf 126 &#8211; <em>Caract\u00e9ristiques psychom\u00e9triques de groupes d\u2019\u00e9tudiants relevant de divers disciplines universitaires <\/em>(Avec G. Doutrepont). Le Travail Humain, 1959, 41-48.<br>\u25cf 127 &#8211; <em>Liaisons entre r\u00e9sultats d\u2019examens psychom\u00e9triques et r\u00e9ussite dans le perfectionnement professionnel ouvrier. <\/em>Le Travail Humain, 1959, 239-246.<br>\u25cf 128 &#8211; <em>Probl\u00e8mes psychosociologiques g\u00e9n\u00e9raux conditionnant l\u2019\u00e9valuation, le d\u00e9veloppement et l\u2019utilisation rationnelle des ressources humaines dans les pays en voie de d\u00e9veloppement. <\/em>Le Travail Humain, 1960, 13-28.<br>\u25cf 129 &#8211; <em>Un exemple de l\u2019influence d\u2019une double s\u00e9lection sur la valeur des coefficients de corr\u00e9lation. <\/em>Le Travail Humain, 1960, 361-362.<br>\u25cf 130 &#8211; <em>Liaisons entre examens psychologiques et r\u00e9sultats scolaires d\u2019un groupe d\u2019\u00e9tudiant en psychologie appliqu\u00e9e. <\/em>Journal de Psychologie, 1960, 431-444.<br>\u25cf 131 &#8211; <em>Recherches sur la promotion des ouvriers dans la ma\u00eetrise. <\/em>Le Travail Humain, 1961, 21-34.<br>\u25cf 132 &#8211; <em>Evolution des capacit\u00e9s d\u2019une population de jeunes gens candidats \u00e0 une l\u2019\u00e9cole d\u2019apprentissage industrielle. <\/em>Le travail Humain, 1961, 243-248.<br>\u25cf 133 &#8211; <em>Diagnostic et pronostic en orientation scolaire et professionnelle<\/em>. BINOP, 1961, 307-328.<br>\u25cf 134 &#8211; <em>Die Entwicklung der Industriepsychologie in Frankreich. <\/em>Forfa-Briefe, Forschungs- Tntutut f\u00fcr Arbeitpsychologie und Personalwesen, Braunschweig und D\u00fcsseldorf, 1961, 211-222 et 1962, 13-23.<br>\u25cf 135 &#8211; <em>Recherche sur le concours d\u2019entr\u00e9e aux grandes \u00e9coles. Cas d\u2019un Ecole Nationale Sup\u00e9rieure de Chimie. <\/em>Le Travail Humain, 1962, 29-48.<br>\u25cf 136 &#8211; <em>Recherche sur le recrutement \u00e0 des cours d\u2019\u00e9tude du travail au moyen de techniques psychom\u00e9triques. <\/em>Le Travail Humain, 1962, 29-48.<br>\u25cf 137 &#8211; <em>L\u2019adaptation du travail industriel \u00e0 l\u2019homme. <\/em>Le Travail Humain, 1962, 193-195. Inter Productivit\u00e9, n\u00b058 de d\u00e9cembre 1962, 14-15.<br>\u25cf 138 &#8211; <em>Les probl\u00e8mes psychologiques dans les r\u00e9gions en cours d\u2019industrialisation. <\/em>Symposium du XIVe Congr\u00e8s International de Psychologie Appliqu\u00e9e, Copenhague 1961. Le Travail Humain, 1963, 1-14.<br>\u25cf 139 &#8211; <em>Etude dans un examen d\u2019entr\u00e9e dans un Institut universitaire de Psychologie. <\/em>Le Travail Humain, 1963, 297-302.<br>\u25cf 140 &#8211; <em>Intelligence, caract\u00e8re et physionomie. <\/em>Le Travail Humain, 1963, 313-324.<br>\u25cf 141 &#8211; <em>Note sur le coefficient de diff\u00e9rentiation. <\/em>Le Travail Humain , 1963, 325-344.<br>\u25cf 142 &#8211; <em>Comparaison d\u2019inventaires d\u2019int\u00e9r\u00eats professionnels au niveau \u2018\u00e9tudiant\u2019. <\/em>Journal de Psychologie, 1964, 173-199.<br>\u25cf 143 &#8211; <em>Etude des relations entre les r\u00e9ussites dans les examens universitaires et dans divers tests. <\/em>(Avec G. Doutrepont) ; Le Travail Humain, 1964, 63-75.<br>\u25cf 144 &#8211; <em>Comparaison des int\u00e9r\u00eats professionnels de divers groupes d\u2019\u00e9tudiants au moyen d\u2019une adaptation fran\u00e7aise du questionnaire de Rotwell-Miller. <\/em>(Avec M.S. Lavo\u00ebgie). Le Travail Humain, 1964, 259-272.<br>\u25cf 145 &#8211; <em>Recherche sur le degr\u00e9 de fid\u00e9lit\u00e9 de l\u2019\u00e9valuation de traits de comportement par observation de longue dur\u00e9e<\/em>. Le Travail Humain, 1964, 337-342.<br>\u25cf 146 &#8211; <em>Modalit\u00e9 du comportement et r\u00e9ussite scolaire au niveau \u2018\u00e9tudiant\u2018. <\/em>Le Travail Humain, 1964, 349-356.<br>\u25cf 147 &#8211; <em>Recherches sur l\u2019utilisation d\u2019un inventaire d\u2019int\u00e9r\u00eats professionnels pour l\u2019orientation d\u2019adolescents. <\/em>(Avec G. Fichou). Le Travail Humain, 1965, 57-80.\u00a0<\/p>\n<!-- \/wp:paragraph -->\n\n<!-- wp:paragraph -->\n<p>\u25cf 148 &#8211; <em>L\u2019\u00e9volution des capacit\u00e9s mentales en fonction de l\u2019\u00e2ge (17 \u00e0 40 ans). Etude portant sur des groupes d\u2019ouvriers professionnels. <\/em>Le Travail Humain, 1965, 91-106.<br>\u25cf 149 &#8211; <em>Recherche sur les possibilit\u00e9s d\u2019am\u00e9lioration du syst\u00e8me de classements annuels dans une \u00e9cole d\u2019enseignement sup\u00e9rieur. <\/em>Le Travail Humain, 1965, 107-116.\u00a0<\/p>\n<!-- \/wp:paragraph -->\n\n<!-- wp:paragraph -->\n<p>\u25cf 150 &#8211; <em>Comparaison des capacit\u00e9s de groupes d\u2019adultes de scolarit\u00e9s ant\u00e9rieures de m\u00eame dur\u00e9e, mais d\u2019orientations professionnelles diff\u00e9rentes. <\/em>Le Travail Humain, 1965, 311-316.<br>\u25cf 151 &#8211; <em>Recherche sur les p\u00f4les autour desquels s\u2019orientent les observations port\u00e9es sur les traits de comportement. <\/em>Le Travail Humain, 1966, 339-348.\u00a0<\/p>\n<!-- \/wp:paragraph -->\n\n<!-- wp:paragraph -->\n<p>\u25cf 152 &#8211; <em>Evolution des r\u00e9actions perceptivo-motrices en fonction de l\u2019\u00e2ge (20 \u00e0 30 ans). <\/em>Le Travail Humain, 1966, 133-242.<br>\u25cf 153 &#8211; <em>Pr\u00e9f\u00e9rences et attitudes de divers groupes de chercheurs relativement aux diff\u00e9rents aspects et activit\u00e9s des travaux de recherche. <\/em>(Avec M.S. Lavo\u00ebgie). Le Travail Humain, 1966, 199-224.\u00a0<\/p>\n<!-- \/wp:paragraph -->\n\n<!-- wp:paragraph -->\n<p>\u25cf 154 &#8211; <em>Questionnaires d\u2019int\u00e9r\u00eats et pr\u00e9vision du succ\u00e8s dans les \u00e9tudes sup\u00e9rieures. <\/em>(Cas d\u2019une Ecole Nationale Sup\u00e9rieure de Chimie) (Avec M.S. Lavo\u00ebgie). Le Travail Humain, 1966, 309-322.<br>\u25cf 155 &#8211; <em>La Batterie Factorielle Standard : Cahier A et B. <\/em>Editions EAP, Issy-les-Moulineaux, 1972.\u00a0<\/p>\n<!-- \/wp:paragraph -->\n\n<!-- wp:paragraph -->\n<p>\u25cf 156- <em>Documents sur la Batterie Factorielle Standard. <\/em>Le Travail Humain, 1976.<br>\u25cf 157 &#8211; <em>L\u2019affectation du personnel et la promotion ouvri\u00e8re dans l\u2019entreprise par les techniques psychom\u00e9triques. <\/em>Revue Psychologie, et Psychom\u00e9trie, Editions EAP. 1977.<br>\u25cf 158 &#8211; <em>Pr\u00e9vention et r\u00e9duction des accidents <\/em>(18 pages) <em>ainsi que consignes, corrections, notation de la Batterie \u00ab SECURITE \u00bb <\/em>(51 pages)<em>. <\/em>(Avec R. Simonnet). Editions EAP, 1977<br>A la batterie s\u00e9curit\u00e9 de Bonnardel, \u00e9tudi\u00e9e en 1954, comprenant trois tests d\u2019intelligence concr\u00e8te, (B101, BOD, B43), trois tests de coordination psychomotrice (OMB, SNB, B19DL) un test de r\u00e9actions psychomotrices (RCB), s\u2019ajouta \u00e0 cette \u00e9poque la batterie \u00ab Informatis\u00e9e \u00bb (IPSO) de tests des comportements de J. Br\u00e9mond, valid\u00e9e sur les pilotes militaires, qui a fait l\u2019objet de la publication suivante : \u00ab <em>Elaboration et validation d\u2019une batterie de tests de s\u00e9lection des conducteurs routiers \u00bb. <\/em>(Avec Y. Blanvillain). Revue de Psychologie et Psychom\u00e9trie, Editions EAP, 1993, num\u00e9ro sp\u00e9cial, volume 14, n\u00b03, 67 pages. (<em>Photo n\u00b0 11<\/em>)\u00a0<\/p>\n<!-- \/wp:paragraph -->\t\t\t\t\t\t\t\t<\/div>\n\t\t\t\t<\/div>\n\t\t\t\t\t<\/div>\n\t\t<\/div>\n\t\t\t\t\t<\/div>\n\t\t<\/section>\n\t\t\t\t<\/div>\n\t\t","protected":false},"excerpt":{"rendered":"","protected":false},"author":1,"featured_media":0,"parent":0,"menu_order":0,"comment_status":"closed","ping_status":"closed","template":"","meta":{"_crdt_document":"","footnotes":""},"class_list":["post-103","page","type-page","status-publish","hentry"],"yoast_head":"<!-- This site is optimized with the Yoast SEO plugin v27.5 - https:\/\/yoast.com\/product\/yoast-seo-wordpress\/ -->\n<title>Raymond BONNARDEL - OCTAMUS<\/title>\n<meta name=\"robots\" content=\"index, follow, max-snippet:-1, max-image-preview:large, max-video-preview:-1\" \/>\n<link rel=\"canonical\" href=\"https:\/\/octamus.fr\/index.php\/raymond-bonnardel\/\" \/>\n<meta property=\"og:locale\" content=\"fr_FR\" \/>\n<meta property=\"og:type\" content=\"article\" \/>\n<meta property=\"og:title\" content=\"Raymond BONNARDEL - OCTAMUS\" \/>\n<meta property=\"og:url\" content=\"https:\/\/octamus.fr\/index.php\/raymond-bonnardel\/\" \/>\n<meta property=\"og:site_name\" content=\"OCTAMUS\" \/>\n<meta property=\"article:modified_time\" content=\"2021-09-17T18:02:21+00:00\" \/>\n<meta property=\"og:image\" content=\"https:\/\/octamus.fr\/wp-content\/uploads\/2021\/06\/Bonnardel.jpg\" \/>\n<meta name=\"twitter:card\" content=\"summary_large_image\" \/>\n<meta name=\"twitter:label1\" content=\"Dur\u00e9e de lecture estim\u00e9e\" \/>\n\t<meta name=\"twitter:data1\" content=\"17 minutes\" \/>\n<script type=\"application\/ld+json\" class=\"yoast-schema-graph\">{\"@context\":\"https:\\\/\\\/schema.org\",\"@graph\":[{\"@type\":\"WebPage\",\"@id\":\"https:\\\/\\\/octamus.fr\\\/index.php\\\/raymond-bonnardel\\\/\",\"url\":\"https:\\\/\\\/octamus.fr\\\/index.php\\\/raymond-bonnardel\\\/\",\"name\":\"Raymond BONNARDEL - OCTAMUS\",\"isPartOf\":{\"@id\":\"https:\\\/\\\/octamus.fr\\\/#website\"},\"primaryImageOfPage\":{\"@id\":\"https:\\\/\\\/octamus.fr\\\/index.php\\\/raymond-bonnardel\\\/#primaryimage\"},\"image\":{\"@id\":\"https:\\\/\\\/octamus.fr\\\/index.php\\\/raymond-bonnardel\\\/#primaryimage\"},\"thumbnailUrl\":\"https:\\\/\\\/octamus.fr\\\/wp-content\\\/uploads\\\/2021\\\/06\\\/Bonnardel.jpg\",\"datePublished\":\"2021-05-05T10:27:08+00:00\",\"dateModified\":\"2021-09-17T18:02:21+00:00\",\"breadcrumb\":{\"@id\":\"https:\\\/\\\/octamus.fr\\\/index.php\\\/raymond-bonnardel\\\/#breadcrumb\"},\"inLanguage\":\"fr-FR\",\"potentialAction\":[{\"@type\":\"ReadAction\",\"target\":[\"https:\\\/\\\/octamus.fr\\\/index.php\\\/raymond-bonnardel\\\/\"]}]},{\"@type\":\"ImageObject\",\"inLanguage\":\"fr-FR\",\"@id\":\"https:\\\/\\\/octamus.fr\\\/index.php\\\/raymond-bonnardel\\\/#primaryimage\",\"url\":\"https:\\\/\\\/octamus.fr\\\/wp-content\\\/uploads\\\/2021\\\/06\\\/Bonnardel.jpg\",\"contentUrl\":\"https:\\\/\\\/octamus.fr\\\/wp-content\\\/uploads\\\/2021\\\/06\\\/Bonnardel.jpg\",\"width\":264,\"height\":300,\"caption\":\"Le Professeur Bonnardel\"},{\"@type\":\"BreadcrumbList\",\"@id\":\"https:\\\/\\\/octamus.fr\\\/index.php\\\/raymond-bonnardel\\\/#breadcrumb\",\"itemListElement\":[{\"@type\":\"ListItem\",\"position\":1,\"name\":\"Accueil\",\"item\":\"https:\\\/\\\/octamus.fr\\\/\"},{\"@type\":\"ListItem\",\"position\":2,\"name\":\"Raymond BONNARDEL\"}]},{\"@type\":\"WebSite\",\"@id\":\"https:\\\/\\\/octamus.fr\\\/#website\",\"url\":\"https:\\\/\\\/octamus.fr\\\/\",\"name\":\"OCTAMUS\",\"description\":\"Psychom\u00e9trie et Psychologie\",\"publisher\":{\"@id\":\"https:\\\/\\\/octamus.fr\\\/#organization\"},\"potentialAction\":[{\"@type\":\"SearchAction\",\"target\":{\"@type\":\"EntryPoint\",\"urlTemplate\":\"https:\\\/\\\/octamus.fr\\\/?s={search_term_string}\"},\"query-input\":{\"@type\":\"PropertyValueSpecification\",\"valueRequired\":true,\"valueName\":\"search_term_string\"}}],\"inLanguage\":\"fr-FR\"},{\"@type\":\"Organization\",\"@id\":\"https:\\\/\\\/octamus.fr\\\/#organization\",\"name\":\"OCTAMUS\",\"url\":\"https:\\\/\\\/octamus.fr\\\/\",\"logo\":{\"@type\":\"ImageObject\",\"inLanguage\":\"fr-FR\",\"@id\":\"https:\\\/\\\/octamus.fr\\\/#\\\/schema\\\/logo\\\/image\\\/\",\"url\":\"https:\\\/\\\/octamus.fr\\\/wp-content\\\/uploads\\\/2021\\\/05\\\/cropped-spheres-e1728397570855.png\",\"contentUrl\":\"https:\\\/\\\/octamus.fr\\\/wp-content\\\/uploads\\\/2021\\\/05\\\/cropped-spheres-e1728397570855.png\",\"width\":352,\"height\":41,\"caption\":\"OCTAMUS\"},\"image\":{\"@id\":\"https:\\\/\\\/octamus.fr\\\/#\\\/schema\\\/logo\\\/image\\\/\"}}]}<\/script>\n<!-- \/ Yoast SEO plugin. -->","yoast_head_json":{"title":"Raymond BONNARDEL - OCTAMUS","robots":{"index":"index","follow":"follow","max-snippet":"max-snippet:-1","max-image-preview":"max-image-preview:large","max-video-preview":"max-video-preview:-1"},"canonical":"https:\/\/octamus.fr\/index.php\/raymond-bonnardel\/","og_locale":"fr_FR","og_type":"article","og_title":"Raymond BONNARDEL - OCTAMUS","og_url":"https:\/\/octamus.fr\/index.php\/raymond-bonnardel\/","og_site_name":"OCTAMUS","article_modified_time":"2021-09-17T18:02:21+00:00","og_image":[{"url":"https:\/\/octamus.fr\/wp-content\/uploads\/2021\/06\/Bonnardel.jpg","type":"","width":"","height":""}],"twitter_card":"summary_large_image","twitter_misc":{"Dur\u00e9e de lecture estim\u00e9e":"17 minutes"},"schema":{"@context":"https:\/\/schema.org","@graph":[{"@type":"WebPage","@id":"https:\/\/octamus.fr\/index.php\/raymond-bonnardel\/","url":"https:\/\/octamus.fr\/index.php\/raymond-bonnardel\/","name":"Raymond BONNARDEL - OCTAMUS","isPartOf":{"@id":"https:\/\/octamus.fr\/#website"},"primaryImageOfPage":{"@id":"https:\/\/octamus.fr\/index.php\/raymond-bonnardel\/#primaryimage"},"image":{"@id":"https:\/\/octamus.fr\/index.php\/raymond-bonnardel\/#primaryimage"},"thumbnailUrl":"https:\/\/octamus.fr\/wp-content\/uploads\/2021\/06\/Bonnardel.jpg","datePublished":"2021-05-05T10:27:08+00:00","dateModified":"2021-09-17T18:02:21+00:00","breadcrumb":{"@id":"https:\/\/octamus.fr\/index.php\/raymond-bonnardel\/#breadcrumb"},"inLanguage":"fr-FR","potentialAction":[{"@type":"ReadAction","target":["https:\/\/octamus.fr\/index.php\/raymond-bonnardel\/"]}]},{"@type":"ImageObject","inLanguage":"fr-FR","@id":"https:\/\/octamus.fr\/index.php\/raymond-bonnardel\/#primaryimage","url":"https:\/\/octamus.fr\/wp-content\/uploads\/2021\/06\/Bonnardel.jpg","contentUrl":"https:\/\/octamus.fr\/wp-content\/uploads\/2021\/06\/Bonnardel.jpg","width":264,"height":300,"caption":"Le Professeur Bonnardel"},{"@type":"BreadcrumbList","@id":"https:\/\/octamus.fr\/index.php\/raymond-bonnardel\/#breadcrumb","itemListElement":[{"@type":"ListItem","position":1,"name":"Accueil","item":"https:\/\/octamus.fr\/"},{"@type":"ListItem","position":2,"name":"Raymond BONNARDEL"}]},{"@type":"WebSite","@id":"https:\/\/octamus.fr\/#website","url":"https:\/\/octamus.fr\/","name":"OCTAMUS","description":"Psychom\u00e9trie et Psychologie","publisher":{"@id":"https:\/\/octamus.fr\/#organization"},"potentialAction":[{"@type":"SearchAction","target":{"@type":"EntryPoint","urlTemplate":"https:\/\/octamus.fr\/?s={search_term_string}"},"query-input":{"@type":"PropertyValueSpecification","valueRequired":true,"valueName":"search_term_string"}}],"inLanguage":"fr-FR"},{"@type":"Organization","@id":"https:\/\/octamus.fr\/#organization","name":"OCTAMUS","url":"https:\/\/octamus.fr\/","logo":{"@type":"ImageObject","inLanguage":"fr-FR","@id":"https:\/\/octamus.fr\/#\/schema\/logo\/image\/","url":"https:\/\/octamus.fr\/wp-content\/uploads\/2021\/05\/cropped-spheres-e1728397570855.png","contentUrl":"https:\/\/octamus.fr\/wp-content\/uploads\/2021\/05\/cropped-spheres-e1728397570855.png","width":352,"height":41,"caption":"OCTAMUS"},"image":{"@id":"https:\/\/octamus.fr\/#\/schema\/logo\/image\/"}}]}},"jetpack_sharing_enabled":true,"_links":{"self":[{"href":"https:\/\/octamus.fr\/index.php\/wp-json\/wp\/v2\/pages\/103","targetHints":{"allow":["GET"]}}],"collection":[{"href":"https:\/\/octamus.fr\/index.php\/wp-json\/wp\/v2\/pages"}],"about":[{"href":"https:\/\/octamus.fr\/index.php\/wp-json\/wp\/v2\/types\/page"}],"author":[{"embeddable":true,"href":"https:\/\/octamus.fr\/index.php\/wp-json\/wp\/v2\/users\/1"}],"replies":[{"embeddable":true,"href":"https:\/\/octamus.fr\/index.php\/wp-json\/wp\/v2\/comments?post=103"}],"version-history":[{"count":18,"href":"https:\/\/octamus.fr\/index.php\/wp-json\/wp\/v2\/pages\/103\/revisions"}],"predecessor-version":[{"id":2785,"href":"https:\/\/octamus.fr\/index.php\/wp-json\/wp\/v2\/pages\/103\/revisions\/2785"}],"wp:attachment":[{"href":"https:\/\/octamus.fr\/index.php\/wp-json\/wp\/v2\/media?parent=103"}],"curies":[{"name":"wp","href":"https:\/\/api.w.org\/{rel}","templated":true}]}}