{"id":2667,"date":"2021-07-30T12:59:10","date_gmt":"2021-07-30T10:59:10","guid":{"rendered":"https:\/\/octamus.fr\/?page_id=2667"},"modified":"2023-10-09T10:42:20","modified_gmt":"2023-10-09T08:42:20","slug":"denise-guyot-et-la-gerance-des-eap","status":"publish","type":"page","link":"https:\/\/octamus.fr\/index.php\/denise-guyot-et-la-gerance-des-eap\/","title":{"rendered":"L&rsquo;histoire de la g\u00e9rance des EAP"},"content":{"rendered":"\t\t<div data-elementor-type=\"wp-page\" data-elementor-id=\"2667\" class=\"elementor elementor-2667\">\n\t\t\t\t\t\t<section class=\"elementor-section elementor-top-section elementor-element elementor-element-446ff96 elementor-section-boxed elementor-section-height-default elementor-section-height-default\" data-id=\"446ff96\" data-element_type=\"section\" data-e-type=\"section\">\n\t\t\t\t\t\t<div class=\"elementor-container elementor-column-gap-default\">\n\t\t\t\t\t<div class=\"elementor-column elementor-col-100 elementor-top-column elementor-element elementor-element-4b28b2f\" data-id=\"4b28b2f\" data-element_type=\"column\" data-e-type=\"column\">\n\t\t\t<div class=\"elementor-widget-wrap elementor-element-populated\">\n\t\t\t\t\t\t<div class=\"elementor-element elementor-element-ef31d5c elementor-widget elementor-widget-heading\" data-id=\"ef31d5c\" data-element_type=\"widget\" data-e-type=\"widget\" data-widget_type=\"heading.default\">\n\t\t\t\t<div class=\"elementor-widget-container\">\n\t\t\t\t\t<h1 class=\"elementor-heading-title elementor-size-medium\"><p style=\"margin-bottom: 10px;text-align: center;font-size: 24px;line-height: normal;letter-spacing: normal;white-space: normal\"><i>Denise Guyot et la g\u00e9rance des EAP<span>&nbsp; <\/span>(1927-1995)<\/i><\/p><span style=\"font-size: 20px;letter-spacing: normal;text-align: center;white-space: normal\"><i><span>&nbsp;&nbsp;<\/span>Robert <span>&nbsp; <\/span>Simonnet<\/i><\/span><br><br><b style=\"font-size: 18px;letter-spacing: normal;white-space: normal\"><span>&nbsp;<\/span>Les \u00c9tablissements d\u2019applications psychotechniques (EAP)<\/b><\/h1>\t\t\t\t<\/div>\n\t\t\t\t<\/div>\n\t\t\t\t\t<\/div>\n\t\t<\/div>\n\t\t\t\t\t<\/div>\n\t\t<\/section>\n\t\t\t\t<section class=\"elementor-section elementor-top-section elementor-element elementor-element-e8fc881 elementor-section-boxed elementor-section-height-default elementor-section-height-default\" data-id=\"e8fc881\" data-element_type=\"section\" data-e-type=\"section\">\n\t\t\t\t\t\t<div class=\"elementor-container elementor-column-gap-default\">\n\t\t\t\t\t<div class=\"elementor-column elementor-col-100 elementor-top-column elementor-element elementor-element-319b0eb\" data-id=\"319b0eb\" data-element_type=\"column\" data-e-type=\"column\">\n\t\t\t<div class=\"elementor-widget-wrap elementor-element-populated\">\n\t\t\t\t\t\t<div class=\"elementor-element elementor-element-02f00db elementor-widget elementor-widget-text-editor\" data-id=\"02f00db\" data-element_type=\"widget\" data-e-type=\"widget\" data-widget_type=\"text-editor.default\">\n\t\t\t\t<div class=\"elementor-widget-container\">\n\t\t\t\t\t\t\t\t\t<p style=\"text-align: left;\"><span style=\"text-align: center;\">\u00a0 <\/span><b style=\"color: #000000;\"><u>Premi\u00e8re g\u00e9rance<\/u><span class=\"Apple-converted-space\">\u00a0 \u00a0 \u00a0 \u00a0 \u00a0 \u00a0 \u00a0 \u00a0 \u00a0 \u00a0 \u00a0 \u00a0 \u00a0 \u00a0 \u00a0 \u00a0 \u00a0<\/span><\/b><span style=\"text-decoration: underline;\"><b style=\"text-align: center; font-family: var( --e-global-typography-text-font-family ), Sans-serif; letter-spacing: -0.015em;\"><i>Gaston<span class=\"Apple-converted-space\">\u00a0 <\/span>Guyot<span class=\"Apple-converted-space\">\u00a0 <\/span>1927 &#8211; 1943<\/i><\/b><\/span><\/p><p class=\"p3\" style=\"margin-bottom: 10px; text-align: justify; font-variant-numeric: normal; font-variant-east-asian: normal; font-stretch: normal; font-size: 1\u00e8px; line-height: normal;\"><span class=\"s2\" style=\"font-variant-numeric: normal; font-variant-east-asian: normal; font-stretch: normal; font-size: 11px; line-height: normal; font-family: Helvetica;\">\u00a0<\/span><b><i> <\/i><\/b>En 1925, la Compagnie G\u00e9n\u00e9rale des Omnibus, la S.T.C.R.P. qui deviendra la R.A.T.P. au d\u00e9but du vingti\u00e8me si\u00e8cle, sollicite le psychologue, J.-M. Lahy (1), pour cr\u00e9er un Centre d\u2019examens psychotechniques afin de r\u00e9duire le nombre accidents des conducteurs et machinistes. Celui-ci<span class=\"Apple-converted-space\">\u00a0 <\/span>demanda alors que soit mis \u00e0 sa disposition un ing\u00e9nieur.<br \/>Gaston Guyot fut<span class=\"Apple-converted-space\">\u00a0 <\/span>d\u00e9sign\u00e9 pour la mise au point des dispositifs d\u2019examens, ainsi que la cr\u00e9ation et la fabrication des instruments et des tests.<br \/>Quelques ann\u00e9es plus tard, en 1927, Les accidents ont \u00e9t\u00e9 r\u00e9duits de plus de 50\u00a0% alors que nombre d\u2019autobus avait doubl\u00e9.<br \/>La R.A.T.P. invite, Gaston Guyot<span class=\"Apple-converted-space\">\u00a0 <\/span>et J.M. Lahy, \u00e0 cr\u00e9er leur entreprise priv\u00e9e qui deviendra les EAP, afin de r\u00e9pondre aux demandes<span class=\"Apple-converted-space\">\u00a0 <\/span>des futur<span class=\"s2\" style=\"font-variant-numeric: normal; font-variant-east-asian: normal; font-stretch: normal; font-size: 11px; line-height: normal; font-family: Helvetica;\">s<\/span> acheteurs<span class=\"Apple-converted-space\">\u00a0 <\/span>des<span class=\"Apple-converted-space\">\u00a0 <\/span>appareils de psychologie qui deviendront<span class=\"Apple-converted-space\">\u00a0 <\/span>la \u00abbatterie de s\u00e9curit\u00e9 des tests de LAHY\u00bb<\/p><p class=\"p1\" style=\"margin-bottom: 10px; text-align: justify; font-variant-numeric: normal; font-variant-east-asian: normal; font-stretch: normal; font-size: 12px; line-height: normal;\">1 &#8212;&#8211; <i>Voir au sujet de Lahy, \u00ab Les travaux de Marcel Turbiaux, J.-M.Lahy (1872-1943) essai de bio-bibliographie \u00bb, Bulletin de psychologie,tome 36, n\u00b0362, 1983, p. 969-983, \u00ab J.-M.Lahy (1872-1943) et l\u2019orientation professionnelle \u00bb, Bulletin de psychologie, 2006\/2, n\u00b0482, p.217-235, ainsi que Les archives de Jean-Maurice Lahy (1872-1943) \u00e0 Sainte-Anne, Toulouse, Ed. Octares, 2020. n\u00b01 \u2013 2021 de l\u2019association ou en participant jusqu\u2019en 2014 \u00e0 une quarantaine de congr\u00e8s de l\u2019association.<\/i><\/p>\t\t\t\t\t\t\t\t<\/div>\n\t\t\t\t<\/div>\n\t\t\t\t\t<\/div>\n\t\t<\/div>\n\t\t\t\t\t<\/div>\n\t\t<\/section>\n\t\t\t\t<section class=\"elementor-section elementor-top-section elementor-element elementor-element-cc9217f elementor-section-boxed elementor-section-height-default elementor-section-height-default\" data-id=\"cc9217f\" data-element_type=\"section\" data-e-type=\"section\">\n\t\t\t\t\t\t<div class=\"elementor-container elementor-column-gap-default\">\n\t\t\t\t\t<div class=\"elementor-column elementor-col-100 elementor-top-column elementor-element elementor-element-3a9247e\" data-id=\"3a9247e\" data-element_type=\"column\" data-e-type=\"column\">\n\t\t\t<div class=\"elementor-widget-wrap elementor-element-populated\">\n\t\t\t\t\t\t<div class=\"elementor-element elementor-element-e1f5d22 elementor-widget elementor-widget-image\" data-id=\"e1f5d22\" data-element_type=\"widget\" data-e-type=\"widget\" data-widget_type=\"image.default\">\n\t\t\t\t<div class=\"elementor-widget-container\">\n\t\t\t\t\t\t\t\t\t\t\t\t\t\t\t<img fetchpriority=\"high\" decoding=\"async\" data-attachment-id=\"2680\" data-permalink=\"https:\/\/octamus.fr\/index.php\/denise-guyot-et-la-gerance-des-eap\/denise-fig1\/\" data-orig-file=\"https:\/\/octamus.fr\/wp-content\/uploads\/2021\/07\/denise-fig1.jpg\" data-orig-size=\"594,272\" data-comments-opened=\"1\" data-image-meta=\"{&quot;aperture&quot;:&quot;0&quot;,&quot;credit&quot;:&quot;&quot;,&quot;camera&quot;:&quot;&quot;,&quot;caption&quot;:&quot;&quot;,&quot;created_timestamp&quot;:&quot;0&quot;,&quot;copyright&quot;:&quot;&quot;,&quot;focal_length&quot;:&quot;0&quot;,&quot;iso&quot;:&quot;0&quot;,&quot;shutter_speed&quot;:&quot;0&quot;,&quot;title&quot;:&quot;&quot;,&quot;orientation&quot;:&quot;1&quot;}\" data-image-title=\"denise fig1\" data-image-description=\"\" data-image-caption=\"\" data-large-file=\"https:\/\/octamus.fr\/wp-content\/uploads\/2021\/07\/denise-fig1.jpg\" width=\"580\" height=\"266\" src=\"https:\/\/octamus.fr\/wp-content\/uploads\/2021\/07\/denise-fig1.jpg\" class=\"attachment-large size-large wp-image-2680\" alt=\"\" srcset=\"https:\/\/octamus.fr\/wp-content\/uploads\/2021\/07\/denise-fig1.jpg 594w, https:\/\/octamus.fr\/wp-content\/uploads\/2021\/07\/denise-fig1-300x137.jpg 300w\" sizes=\"(max-width: 580px) 100vw, 580px\" data-attachment-id=\"2680\" data-permalink=\"https:\/\/octamus.fr\/index.php\/denise-guyot-et-la-gerance-des-eap\/denise-fig1\/\" data-orig-file=\"https:\/\/octamus.fr\/wp-content\/uploads\/2021\/07\/denise-fig1.jpg\" data-orig-size=\"594,272\" data-comments-opened=\"1\" data-image-meta=\"{&quot;aperture&quot;:&quot;0&quot;,&quot;credit&quot;:&quot;&quot;,&quot;camera&quot;:&quot;&quot;,&quot;caption&quot;:&quot;&quot;,&quot;created_timestamp&quot;:&quot;0&quot;,&quot;copyright&quot;:&quot;&quot;,&quot;focal_length&quot;:&quot;0&quot;,&quot;iso&quot;:&quot;0&quot;,&quot;shutter_speed&quot;:&quot;0&quot;,&quot;title&quot;:&quot;&quot;,&quot;orientation&quot;:&quot;1&quot;}\" data-image-title=\"denise fig1\" data-image-description=\"\" data-image-caption=\"\" data-large-file=\"https:\/\/octamus.fr\/wp-content\/uploads\/2021\/07\/denise-fig1.jpg\" \/>\t\t\t\t\t\t\t\t\t\t\t\t\t\t\t<\/div>\n\t\t\t\t<\/div>\n\t\t\t\t\t<\/div>\n\t\t<\/div>\n\t\t\t\t\t<\/div>\n\t\t<\/section>\n\t\t\t\t<section class=\"elementor-section elementor-top-section elementor-element elementor-element-6ef9538 elementor-section-boxed elementor-section-height-default elementor-section-height-default\" data-id=\"6ef9538\" data-element_type=\"section\" data-e-type=\"section\">\n\t\t\t\t\t\t<div class=\"elementor-container elementor-column-gap-default\">\n\t\t\t\t\t<div class=\"elementor-column elementor-col-100 elementor-top-column elementor-element elementor-element-d49e4c3\" data-id=\"d49e4c3\" data-element_type=\"column\" data-e-type=\"column\">\n\t\t\t<div class=\"elementor-widget-wrap elementor-element-populated\">\n\t\t\t\t\t\t<div class=\"elementor-element elementor-element-2e5f8b2 elementor-widget elementor-widget-text-editor\" data-id=\"2e5f8b2\" data-element_type=\"widget\" data-e-type=\"widget\" data-widget_type=\"text-editor.default\">\n\t\t\t\t<div class=\"elementor-widget-container\">\n\t\t\t\t\t\t\t\t\t<p><span style=\"color: #000000; font-family: 'Arial Narrow'; font-size: 17px; text-align: justify;\">D\u00e8s 1932, \u00e0 l\u2019incitation de son p\u00e8re Gaston Guyot, devenu g\u00e9rant des EAP<\/span><span class=\"Apple-converted-space\" style=\"color: #000000; font-family: 'Arial Narrow'; font-size: 18px; text-align: justify;\">\u00a0\u00a0<\/span><span style=\"color: #000000; font-family: 'Arial Narrow'; font-size: 18px; text-align: justify;\">par son dipl\u00f4me d\u2019ing\u00e9nieur, sa fille Denise Guyot (1914-2016),<\/span><span class=\"Apple-converted-space\" style=\"color: #000000; font-family: 'Arial Narrow'; font-size: 18px; text-align: justify;\">\u00a0\u00a0<\/span><span style=\"color: #000000; font-family: 'Arial Narrow'; font-size: 18px; text-align: justify;\">encore adolescente, participa<\/span><span class=\"Apple-converted-space\" style=\"color: #000000; font-family: 'Arial Narrow'; font-size: 18px; text-align: justify;\">\u00a0\u00a0<\/span><span style=\"color: #000000; font-family: 'Arial Narrow'; font-size: 18px; text-align: justify;\">aux activit\u00e9s des \u00c9tablissements d\u2019Applications Psychotechniques, entreprise de fabrication et de vente d\u2019appareils psychotechniques. Gaston Guyot (1879 &#8211; 1943) entr\u00e9 \u00e0 l\u2019\u00c9cole Nationale des Arts et M\u00e9tiers en 1896 en sort en 1899 avec le titre d\u2019ing\u00e9nieur. Apr\u00e8s avoir dirig\u00e9 une Usine de C\u00e9ramique, il entra \u00e0 la S.T.C.R.<\/span><\/p>\t\t\t\t\t\t\t\t<\/div>\n\t\t\t\t<\/div>\n\t\t\t\t\t<\/div>\n\t\t<\/div>\n\t\t\t\t\t<\/div>\n\t\t<\/section>\n\t\t\t\t<section class=\"elementor-section elementor-top-section elementor-element elementor-element-185c4bc elementor-section-boxed elementor-section-height-default elementor-section-height-default\" data-id=\"185c4bc\" data-element_type=\"section\" data-e-type=\"section\">\n\t\t\t\t\t\t<div class=\"elementor-container elementor-column-gap-default\">\n\t\t\t\t\t<div class=\"elementor-column elementor-col-100 elementor-top-column elementor-element elementor-element-3f32101\" data-id=\"3f32101\" data-element_type=\"column\" data-e-type=\"column\">\n\t\t\t<div class=\"elementor-widget-wrap elementor-element-populated\">\n\t\t\t\t\t\t<div class=\"elementor-element elementor-element-c0942bc elementor-widget elementor-widget-text-editor\" data-id=\"c0942bc\" data-element_type=\"widget\" data-e-type=\"widget\" data-widget_type=\"text-editor.default\">\n\t\t\t\t<div class=\"elementor-widget-container\">\n\t\t\t\t\t\t\t\t\t<p class=\"p1\" style=\"margin-bottom: 10px; text-align: justify; font-variant-numeric: normal; font-variant-east-asian: normal; font-stretch: normal; font-size: 17px; line-height: normal;\">Denise Guyot est n\u00e9e dans l\u2019ann\u00e9e o\u00f9 d\u00e9buta la Premi\u00e8re Guerre Mondiale, le 28 mai \u00e0 Boulogne-sur-Seine, elle d\u00e9c\u00e8de le 7 f\u00e9vrier 2016. Le milieu familial, dans lequel na\u00eetront, apr\u00e8s elle, quatre fr\u00e8res et s\u0153urs, avait une forte tradition enseignante.<\/p>\n<p class=\"p1\" style=\"margin-bottom: 10px; text-align: justify; font-variant-numeric: normal; font-variant-east-asian: normal; font-stretch: normal; font-size: 18px; line-height: normal;\"><span class=\"s1\" style=\"font-variant-numeric: normal; font-variant-east-asian: normal; font-stretch: normal; font-size: 11px; line-height: normal; font-family: Helvetica;\"><span class=\"Apple-converted-space\">\u00a0 <\/span><\/span>Scolaris\u00e9e \u00e0 l\u2019\u00e9cole publique, le jeudi, Denise suivait des cours de cuisine que<span class=\"Apple-converted-space\">\u00a0 <\/span>son p\u00e8re lui demandait ensuite de mettre en pratique \u00e0 la maison. Une anecdote en dit long sur le courant d\u2019id\u00e9es auquel on peut la rattacher.<span class=\"Apple-converted-space\">\u00a0<\/span><\/p>\n<p class=\"p1\" style=\"margin-bottom: 10px; text-align: justify; font-variant-numeric: normal; font-variant-east-asian: normal; font-stretch: normal; font-size: 18px; line-height: normal;\">Encore toute jeune, elle disait avoir souvent \u00e9t\u00e9 sujet d\u2019examen pour les chercheurs en psychologie de l\u2019enfant car la plupart ne disposaient pas de sujets susceptibles de participer \u00e0 leurs recherches.\nElle racontait, \u00e0 ce propos, qu\u2019elle serrait fort la main de son p\u00e8re lorsqu\u2019elle devait traverser l\u2019h\u00f4pital Sainte Anne pour passer des tests et qu\u2019elle \u00e9tait confront\u00e9e aux malades circulant dans les all\u00e9es. Aussi est-elle par exemple en 1927 une des premi\u00e8res \u00e0 passer le test papier-crayon de barrage d\u2019\u00c9douard Toulouse (1865-1947) et Henri Pi\u00e9ron. Comme son fr\u00e8re et ses s\u0153urs, elle suit des \u00e9tudes classiques jusqu\u2019au baccalaur\u00e9at.\nDenise raconta aussi qu\u2019elle avait acquis assez t\u00f4t des notions techniques et qu\u2019elle savait r\u00e9parer un appareil en panne. Elle avait une \u00ab tendance \u00e0 choisir le c\u00f4t\u00e9 technique des choses \u00bb. Aussi a-t-elle regrett\u00e9 qu\u2019en tant que femme elle n\u2019ait pas pu se diriger vers cette voie.<\/p>\t\t\t\t\t\t\t\t<\/div>\n\t\t\t\t<\/div>\n\t\t\t\t\t<\/div>\n\t\t<\/div>\n\t\t\t\t\t<\/div>\n\t\t<\/section>\n\t\t\t\t<section class=\"elementor-section elementor-top-section elementor-element elementor-element-b4ca468 elementor-section-boxed elementor-section-height-default elementor-section-height-default\" data-id=\"b4ca468\" data-element_type=\"section\" data-e-type=\"section\">\n\t\t\t\t\t\t<div class=\"elementor-container elementor-column-gap-default\">\n\t\t\t\t\t<div class=\"elementor-column elementor-col-100 elementor-top-column elementor-element elementor-element-3a20ba1\" data-id=\"3a20ba1\" data-element_type=\"column\" data-e-type=\"column\">\n\t\t\t<div class=\"elementor-widget-wrap elementor-element-populated\">\n\t\t\t\t\t\t<div class=\"elementor-element elementor-element-82ee07a elementor-widget elementor-widget-image\" data-id=\"82ee07a\" data-element_type=\"widget\" data-e-type=\"widget\" data-widget_type=\"image.default\">\n\t\t\t\t<div class=\"elementor-widget-container\">\n\t\t\t\t\t\t\t\t\t\t\t\t\t\t\t<img decoding=\"async\" data-attachment-id=\"2681\" data-permalink=\"https:\/\/octamus.fr\/index.php\/denise-guyot-et-la-gerance-des-eap\/deniseimage2\/\" data-orig-file=\"https:\/\/octamus.fr\/wp-content\/uploads\/2021\/07\/deniseimage2.jpg\" data-orig-size=\"408,374\" data-comments-opened=\"1\" data-image-meta=\"{&quot;aperture&quot;:&quot;0&quot;,&quot;credit&quot;:&quot;&quot;,&quot;camera&quot;:&quot;&quot;,&quot;caption&quot;:&quot;&quot;,&quot;created_timestamp&quot;:&quot;0&quot;,&quot;copyright&quot;:&quot;&quot;,&quot;focal_length&quot;:&quot;0&quot;,&quot;iso&quot;:&quot;0&quot;,&quot;shutter_speed&quot;:&quot;0&quot;,&quot;title&quot;:&quot;&quot;,&quot;orientation&quot;:&quot;1&quot;}\" data-image-title=\"deniseimage2\" data-image-description=\"\" data-image-caption=\"\" data-large-file=\"https:\/\/octamus.fr\/wp-content\/uploads\/2021\/07\/deniseimage2.jpg\" width=\"300\" height=\"275\" src=\"https:\/\/octamus.fr\/wp-content\/uploads\/2021\/07\/deniseimage2-300x275.jpg\" class=\"attachment-medium size-medium wp-image-2681\" alt=\"\" srcset=\"https:\/\/octamus.fr\/wp-content\/uploads\/2021\/07\/deniseimage2-300x275.jpg 300w, https:\/\/octamus.fr\/wp-content\/uploads\/2021\/07\/deniseimage2.jpg 408w\" sizes=\"(max-width: 300px) 100vw, 300px\" data-attachment-id=\"2681\" data-permalink=\"https:\/\/octamus.fr\/index.php\/denise-guyot-et-la-gerance-des-eap\/deniseimage2\/\" data-orig-file=\"https:\/\/octamus.fr\/wp-content\/uploads\/2021\/07\/deniseimage2.jpg\" data-orig-size=\"408,374\" data-comments-opened=\"1\" data-image-meta=\"{&quot;aperture&quot;:&quot;0&quot;,&quot;credit&quot;:&quot;&quot;,&quot;camera&quot;:&quot;&quot;,&quot;caption&quot;:&quot;&quot;,&quot;created_timestamp&quot;:&quot;0&quot;,&quot;copyright&quot;:&quot;&quot;,&quot;focal_length&quot;:&quot;0&quot;,&quot;iso&quot;:&quot;0&quot;,&quot;shutter_speed&quot;:&quot;0&quot;,&quot;title&quot;:&quot;&quot;,&quot;orientation&quot;:&quot;1&quot;}\" data-image-title=\"deniseimage2\" data-image-description=\"\" data-image-caption=\"\" data-large-file=\"https:\/\/octamus.fr\/wp-content\/uploads\/2021\/07\/deniseimage2.jpg\" \/>\t\t\t\t\t\t\t\t\t\t\t\t\t\t\t<\/div>\n\t\t\t\t<\/div>\n\t\t\t\t\t<\/div>\n\t\t<\/div>\n\t\t\t\t\t<\/div>\n\t\t<\/section>\n\t\t\t\t<section class=\"elementor-section elementor-top-section elementor-element elementor-element-026af91 elementor-section-boxed elementor-section-height-default elementor-section-height-default\" data-id=\"026af91\" data-element_type=\"section\" data-e-type=\"section\">\n\t\t\t\t\t\t<div class=\"elementor-container elementor-column-gap-default\">\n\t\t\t\t\t<div class=\"elementor-column elementor-col-100 elementor-top-column elementor-element elementor-element-54af2ed\" data-id=\"54af2ed\" data-element_type=\"column\" data-e-type=\"column\">\n\t\t\t<div class=\"elementor-widget-wrap elementor-element-populated\">\n\t\t\t\t\t\t<div class=\"elementor-element elementor-element-7ebd270 elementor-widget elementor-widget-text-editor\" data-id=\"7ebd270\" data-element_type=\"widget\" data-e-type=\"widget\" data-widget_type=\"text-editor.default\">\n\t\t\t\t<div class=\"elementor-widget-container\">\n\t\t\t\t\t\t\t\t\t<p class=\"p1\" style=\"margin-bottom: 10px; text-align: justify; font-variant-numeric: normal; font-variant-east-asian: normal; font-stretch: normal; font-size: 18px; line-height: normal; font-family: &quot;Arial Narrow&quot;; color: rgb(0, 0, 0);\"><span class=\"s1\" style=\"font-variant-numeric: normal; font-variant-east-asian: normal; font-stretch: normal; font-size: 11px; line-height: normal; font-family: Helvetica;\">&nbsp;<\/span><span class=\"Apple-tab-span\" style=\"white-space: pre;\">\t<\/span>Elle exer\u00e7a aussi ses activit\u00e9s au laboratoire de psychologie de J.-M. Lahy \u00e0 l\u2019H\u00f4pital Henri-Rousselle jusqu\u2019en 1940. Ses travaux vont entre-autres porter sur l\u2019\u00e9tude de la m\u00e9moire avec l<span class=\"s1\" style=\"font-variant-numeric: normal; font-variant-east-asian: normal; font-stretch: normal; font-size: 11px; line-height: normal; font-family: Helvetica;\">\u2019<\/span>\u00e9dition du test le m\u00e9moire ES, et de l\u2019attention concentr\u00e9e avec le test BATP, ainsi qu\u2019un test de l\u2019appr\u00e9ciation suggestive du temps.<\/p><p class=\"p1\" style=\"margin-bottom: 10px; text-align: justify; font-variant-numeric: normal; font-variant-east-asian: normal; font-stretch: normal; font-size: 18px; line-height: normal; font-family: &quot;Arial Narrow&quot;; color: rgb(0, 0, 0);\"><span class=\"Apple-tab-span\" style=\"white-space: pre;\">\t<\/span>Tr\u00e8s li\u00e9e au mouvement d\u2019orientation professionnelle, elle assiste au congr\u00e8s de l\u2019AGOF en 1935 ainsi qu\u2019\u00e0 l\u2019Exposition universelle de Paris en 1937. Elle va jouer un grand r\u00f4le \u00e0 l\u2019AGOF-ACOF par son soutien financier et en r\u00e9cup\u00e9rant les archives.<\/p><p class=\"p1\" style=\"margin-bottom: 10px; text-align: justify; font-variant-numeric: normal; font-variant-east-asian: normal; font-stretch: normal; font-size: 18px; line-height: normal; font-family: &quot;Arial Narrow&quot;; color: rgb(0, 0, 0);\"><span class=\"Apple-tab-span\" style=\"white-space: pre;\">\t<\/span>En 1940 elle entre dans la R\u00e9sistance. En province et \u00e0 Paris elle participe aux activit\u00e9s d\u2019un r\u00e9seau de renseignements. Une attestation d\u00e9livr\u00e9e en 1950 reconna\u00eetra qu\u2019elle a appartenu en qualit\u00e9 d\u2019agent P1 au r\u00e9seau ALI TIR des Forces Fran\u00e7aises Combattantes du 1er mars au 31 mars 1943.<\/p><p class=\"p1\" style=\"margin-bottom: 10px; text-align: justify; font-variant-numeric: normal; font-variant-east-asian: normal; font-stretch: normal; font-size: 18px; line-height: normal; font-family: &quot;Arial Narrow&quot;; color: rgb(0, 0, 0);\"><span class=\"Apple-tab-span\" style=\"white-space: pre;\">\t<\/span>Recherch\u00e9e en zone non-occup\u00e9e, elle revient \u00e0 Paris en 1942 et retrouve son poste au laboratoire H. Rousselle avec Ren\u00e9 Zazzo et s\u2019investit enti\u00e8rement aux EAP.<span class=\"Apple-converted-space\">&nbsp;<\/span><\/p><p class=\"p1\" style=\"margin-bottom: 10px; text-align: justify; font-variant-numeric: normal; font-variant-east-asian: normal; font-stretch: normal; font-size: 18px; line-height: normal; font-family: &quot;Arial Narrow&quot;; color: rgb(0, 0, 0);\"><span class=\"Apple-tab-span\" style=\"white-space: pre;\">\t<\/span>L\u2019ann\u00e9e suivante, en 1943 elle figure sur le registre d\u2019inscription de l\u2019INETOP en tant qu\u2019assistante au laboratoire de psychologie \u00ab Henry Rousselle \u00bb \u00bb. Elle suit les cours et sort dipl\u00f4m\u00e9e en 1945 avec la mention bien.<span class=\"Apple-converted-space\">&nbsp;<\/span><\/p><p class=\"p1\" style=\"margin-bottom: 10px; text-align: justify; font-variant-numeric: normal; font-variant-east-asian: normal; font-stretch: normal; font-size: 18px; line-height: normal; font-family: &quot;Arial Narrow&quot;; color: rgb(0, 0, 0);\">Durant ses \u00e9tudes, elle succ\u00e8de, dans des conditions tr\u00e8s difficiles \u00e0 son p\u00e8re d\u00e9c\u00e9d\u00e9 brutalement le 14 juillet 1943, ainsi qu\u2019\u00e0 J.M. LAHY, d\u00e9c\u00e9d\u00e9 la m\u00eame ann\u00e9e.<\/p>\t\t\t\t\t\t\t\t<\/div>\n\t\t\t\t<\/div>\n\t\t\t\t\t<\/div>\n\t\t<\/div>\n\t\t\t\t\t<\/div>\n\t\t<\/section>\n\t\t\t\t<section class=\"elementor-section elementor-top-section elementor-element elementor-element-bff4b6d elementor-section-boxed elementor-section-height-default elementor-section-height-default\" data-id=\"bff4b6d\" data-element_type=\"section\" data-e-type=\"section\">\n\t\t\t\t\t\t<div class=\"elementor-container elementor-column-gap-default\">\n\t\t\t\t\t<div class=\"elementor-column elementor-col-100 elementor-top-column elementor-element elementor-element-ee14a05\" data-id=\"ee14a05\" data-element_type=\"column\" data-e-type=\"column\">\n\t\t\t<div class=\"elementor-widget-wrap elementor-element-populated\">\n\t\t\t\t\t\t<div class=\"elementor-element elementor-element-5956761 elementor-widget elementor-widget-image\" data-id=\"5956761\" data-element_type=\"widget\" data-e-type=\"widget\" data-widget_type=\"image.default\">\n\t\t\t\t<div class=\"elementor-widget-container\">\n\t\t\t\t\t\t\t\t\t\t\t\t\t\t\t<img decoding=\"async\" data-attachment-id=\"2628\" data-permalink=\"https:\/\/octamus.fr\/denise-met-au-point-un-test-de-contro%cc%82le-psycho-moteur\/\" data-orig-file=\"https:\/\/octamus.fr\/wp-content\/uploads\/2021\/07\/denise-met-au-point-un-test-de-contro\u0302le-psycho-moteur.jpg\" data-orig-size=\"414,394\" data-comments-opened=\"1\" data-image-meta=\"{&quot;aperture&quot;:&quot;0&quot;,&quot;credit&quot;:&quot;&quot;,&quot;camera&quot;:&quot;&quot;,&quot;caption&quot;:&quot;&quot;,&quot;created_timestamp&quot;:&quot;0&quot;,&quot;copyright&quot;:&quot;&quot;,&quot;focal_length&quot;:&quot;0&quot;,&quot;iso&quot;:&quot;0&quot;,&quot;shutter_speed&quot;:&quot;0&quot;,&quot;title&quot;:&quot;&quot;,&quot;orientation&quot;:&quot;1&quot;}\" data-image-title=\"denise met au point un test de contro\u0302le psycho-moteur\" data-image-description=\"\" data-image-caption=\"\" data-large-file=\"https:\/\/octamus.fr\/wp-content\/uploads\/2021\/07\/denise-met-au-point-un-test-de-contro\u0302le-psycho-moteur.jpg\" width=\"300\" height=\"286\" src=\"https:\/\/octamus.fr\/wp-content\/uploads\/2021\/07\/denise-met-au-point-un-test-de-contro\u0302le-psycho-moteur-300x286.jpg\" class=\"attachment-medium size-medium wp-image-2628\" alt=\"\" srcset=\"https:\/\/octamus.fr\/wp-content\/uploads\/2021\/07\/denise-met-au-point-un-test-de-contro\u0302le-psycho-moteur-300x286.jpg 300w, https:\/\/octamus.fr\/wp-content\/uploads\/2021\/07\/denise-met-au-point-un-test-de-contro\u0302le-psycho-moteur.jpg 414w\" sizes=\"(max-width: 300px) 100vw, 300px\" data-attachment-id=\"2628\" data-permalink=\"https:\/\/octamus.fr\/denise-met-au-point-un-test-de-contro%cc%82le-psycho-moteur\/\" data-orig-file=\"https:\/\/octamus.fr\/wp-content\/uploads\/2021\/07\/denise-met-au-point-un-test-de-contro\u0302le-psycho-moteur.jpg\" data-orig-size=\"414,394\" data-comments-opened=\"1\" data-image-meta=\"{&quot;aperture&quot;:&quot;0&quot;,&quot;credit&quot;:&quot;&quot;,&quot;camera&quot;:&quot;&quot;,&quot;caption&quot;:&quot;&quot;,&quot;created_timestamp&quot;:&quot;0&quot;,&quot;copyright&quot;:&quot;&quot;,&quot;focal_length&quot;:&quot;0&quot;,&quot;iso&quot;:&quot;0&quot;,&quot;shutter_speed&quot;:&quot;0&quot;,&quot;title&quot;:&quot;&quot;,&quot;orientation&quot;:&quot;1&quot;}\" data-image-title=\"denise met au point un test de contro\u0302le psycho-moteur\" data-image-description=\"\" data-image-caption=\"\" data-large-file=\"https:\/\/octamus.fr\/wp-content\/uploads\/2021\/07\/denise-met-au-point-un-test-de-contro\u0302le-psycho-moteur.jpg\" \/>\t\t\t\t\t\t\t\t\t\t\t\t\t\t\t<\/div>\n\t\t\t\t<\/div>\n\t\t\t\t\t<\/div>\n\t\t<\/div>\n\t\t\t\t\t<\/div>\n\t\t<\/section>\n\t\t\t\t<section class=\"elementor-section elementor-top-section elementor-element elementor-element-9146417 elementor-section-boxed elementor-section-height-default elementor-section-height-default\" data-id=\"9146417\" data-element_type=\"section\" data-e-type=\"section\">\n\t\t\t\t\t\t<div class=\"elementor-container elementor-column-gap-default\">\n\t\t\t\t\t<div class=\"elementor-column elementor-col-100 elementor-top-column elementor-element elementor-element-ba6ace9\" data-id=\"ba6ace9\" data-element_type=\"column\" data-e-type=\"column\">\n\t\t\t<div class=\"elementor-widget-wrap elementor-element-populated\">\n\t\t\t\t\t\t<div class=\"elementor-element elementor-element-20b7661 elementor-widget elementor-widget-text-editor\" data-id=\"20b7661\" data-element_type=\"widget\" data-e-type=\"widget\" data-widget_type=\"text-editor.default\">\n\t\t\t\t<div class=\"elementor-widget-container\">\n\t\t\t\t\t\t\t\t\t<p class=\"p1\" style=\"margin-bottom: 10px; margin-left: 35.4px; text-align: left; font-variant-numeric: normal; font-variant-east-asian: normal; font-stretch: normal; font-size: 18px; line-height: normal; font-family: 'Arial Narrow'; color: #000000;\"><span class=\"s1\"><b><span style=\"text-decoration: underline;\">Deuxi\u00e8me g\u00e9rance<\/span><span class=\"Apple-converted-space\">\u00a0 \u00a0 \u00a0 \u00a0 \u00a0 \u00a0 \u00a0 \u00a0 \u00a0 \u00a0 \u00a0 \u00a0 \u00a0 \u00a0 <\/span><\/b><\/span><span class=\"s1\" style=\"text-decoration-line: underline;\"><b><i>Denise<span class=\"Apple-converted-space\">\u00a0 <\/span>Guyot<span class=\"Apple-converted-space\">\u00a0 <\/span>1945 \u2013 1973<\/i><\/b><\/span><\/p><p class=\"p3\" style=\"margin-bottom: 10px; text-align: justify; font-variant-numeric: normal; font-variant-east-asian: normal; font-stretch: normal; font-size: 18px; line-height: normal; font-family: 'Arial Narrow'; color: #000000;\"><span class=\"s2\" style=\"font-variant-numeric: normal; font-variant-east-asian: normal; font-stretch: normal; font-size: 11px; line-height: normal; font-family: Helvetica;\">\u00a0<\/span> Les deux actionnaires \u00e9tant d\u00e9c\u00e9d\u00e9s, la Soci\u00e9t\u00e9 EAP est dissoute d\u00e8s 1944. En 1945, Denise Guyot, seule, d\u00e9cide de repren<span class=\"s2\" style=\"font-variant-numeric: normal; font-variant-east-asian: normal; font-stretch: normal; font-size: 11px; line-height: normal; font-family: Helvetica;\">d<\/span>re en charge, la cr\u00e9ation d\u2019une nouvelle soci\u00e9t\u00e9 qui conservera le m\u00eame nom EAP. Son fr\u00e8re deviendra actionnaire .<\/p><p class=\"p3\" style=\"margin-bottom: 10px; text-align: justify; font-variant-numeric: normal; font-variant-east-asian: normal; font-stretch: normal; font-size: 18px; line-height: normal; font-family: 'Arial Narrow'; color: #000000;\"><span class=\"s2\" style=\"font-variant-numeric: normal; font-variant-east-asian: normal; font-stretch: normal; font-size: 11px; line-height: normal; font-family: Helvetica;\">\u00a0<\/span> Les EAP se trouvent alors dans une situation commerciale et juridique difficile. Durant un temps la soci\u00e9t\u00e9 se trouve dirig\u00e9e par Denise et son fr\u00e8re Robert, ing\u00e9nieur comme son p\u00e8re. En 1946, ils sont tous deux directeurs. Denise va ensuite, progressivement faire pr\u00e9valoir son exp\u00e9rience de g\u00e9rante associ\u00e9e avec son p\u00e8re et de proche collaboratrice, sur les comp\u00e9tences techniques de son fr\u00e8re, et prendre seule la direction d\u2019une soci\u00e9t\u00e9 qui sort progressivement de sa phase artisanale<span class=\"s2\" style=\"font-variant-numeric: normal; font-variant-east-asian: normal; font-stretch: normal; font-size: 11px; line-height: normal; font-family: Helvetica;\">.<\/span><\/p>\t\t\t\t\t\t\t\t<\/div>\n\t\t\t\t<\/div>\n\t\t\t\t\t<\/div>\n\t\t<\/div>\n\t\t\t\t\t<\/div>\n\t\t<\/section>\n\t\t\t\t<section class=\"elementor-section elementor-top-section elementor-element elementor-element-8334f2c elementor-section-boxed elementor-section-height-default elementor-section-height-default\" data-id=\"8334f2c\" data-element_type=\"section\" data-e-type=\"section\">\n\t\t\t\t\t\t<div class=\"elementor-container elementor-column-gap-default\">\n\t\t\t\t\t<div class=\"elementor-column elementor-col-100 elementor-top-column elementor-element elementor-element-0eea769\" data-id=\"0eea769\" data-element_type=\"column\" data-e-type=\"column\">\n\t\t\t<div class=\"elementor-widget-wrap elementor-element-populated\">\n\t\t\t\t\t\t<div class=\"elementor-element elementor-element-0ed40b0 elementor-widget elementor-widget-image\" data-id=\"0ed40b0\" data-element_type=\"widget\" data-e-type=\"widget\" data-widget_type=\"image.default\">\n\t\t\t\t<div class=\"elementor-widget-container\">\n\t\t\t\t\t\t\t\t\t\t\t\t\t\t\t<img loading=\"lazy\" decoding=\"async\" data-attachment-id=\"2630\" data-permalink=\"https:\/\/octamus.fr\/photo-denise\/\" data-orig-file=\"https:\/\/octamus.fr\/wp-content\/uploads\/2021\/07\/photo-denise.jpg\" data-orig-size=\"532,730\" data-comments-opened=\"1\" data-image-meta=\"{&quot;aperture&quot;:&quot;0&quot;,&quot;credit&quot;:&quot;&quot;,&quot;camera&quot;:&quot;&quot;,&quot;caption&quot;:&quot;&quot;,&quot;created_timestamp&quot;:&quot;0&quot;,&quot;copyright&quot;:&quot;&quot;,&quot;focal_length&quot;:&quot;0&quot;,&quot;iso&quot;:&quot;0&quot;,&quot;shutter_speed&quot;:&quot;0&quot;,&quot;title&quot;:&quot;&quot;,&quot;orientation&quot;:&quot;1&quot;}\" data-image-title=\"photo denise\" data-image-description=\"\" data-image-caption=\"\" data-large-file=\"https:\/\/octamus.fr\/wp-content\/uploads\/2021\/07\/photo-denise.jpg\" width=\"219\" height=\"300\" src=\"https:\/\/octamus.fr\/wp-content\/uploads\/2021\/07\/photo-denise-219x300.jpg\" class=\"attachment-medium size-medium wp-image-2630\" alt=\"\" srcset=\"https:\/\/octamus.fr\/wp-content\/uploads\/2021\/07\/photo-denise-219x300.jpg 219w, https:\/\/octamus.fr\/wp-content\/uploads\/2021\/07\/photo-denise.jpg 532w\" sizes=\"(max-width: 219px) 100vw, 219px\" data-attachment-id=\"2630\" data-permalink=\"https:\/\/octamus.fr\/photo-denise\/\" data-orig-file=\"https:\/\/octamus.fr\/wp-content\/uploads\/2021\/07\/photo-denise.jpg\" data-orig-size=\"532,730\" data-comments-opened=\"1\" data-image-meta=\"{&quot;aperture&quot;:&quot;0&quot;,&quot;credit&quot;:&quot;&quot;,&quot;camera&quot;:&quot;&quot;,&quot;caption&quot;:&quot;&quot;,&quot;created_timestamp&quot;:&quot;0&quot;,&quot;copyright&quot;:&quot;&quot;,&quot;focal_length&quot;:&quot;0&quot;,&quot;iso&quot;:&quot;0&quot;,&quot;shutter_speed&quot;:&quot;0&quot;,&quot;title&quot;:&quot;&quot;,&quot;orientation&quot;:&quot;1&quot;}\" data-image-title=\"photo denise\" data-image-description=\"\" data-image-caption=\"\" data-large-file=\"https:\/\/octamus.fr\/wp-content\/uploads\/2021\/07\/photo-denise.jpg\" \/>\t\t\t\t\t\t\t\t\t\t\t\t\t\t\t<\/div>\n\t\t\t\t<\/div>\n\t\t\t\t\t<\/div>\n\t\t<\/div>\n\t\t\t\t\t<\/div>\n\t\t<\/section>\n\t\t\t\t<section class=\"elementor-section elementor-top-section elementor-element elementor-element-9e64c1c elementor-section-boxed elementor-section-height-default elementor-section-height-default\" data-id=\"9e64c1c\" data-element_type=\"section\" data-e-type=\"section\">\n\t\t\t\t\t\t<div class=\"elementor-container elementor-column-gap-default\">\n\t\t\t\t\t<div class=\"elementor-column elementor-col-100 elementor-top-column elementor-element elementor-element-7253dd9\" data-id=\"7253dd9\" data-element_type=\"column\" data-e-type=\"column\">\n\t\t\t<div class=\"elementor-widget-wrap elementor-element-populated\">\n\t\t\t\t\t\t<div class=\"elementor-element elementor-element-3fb089a elementor-widget elementor-widget-text-editor\" data-id=\"3fb089a\" data-element_type=\"widget\" data-e-type=\"widget\" data-widget_type=\"text-editor.default\">\n\t\t\t\t<div class=\"elementor-widget-container\">\n\t\t\t\t\t\t\t\t\t<p class=\"p1\" style=\"margin-bottom: 10px; text-align: justify; font-variant-numeric: normal; font-variant-east-asian: normal; font-stretch: normal; font-size: 18px; line-height: normal; font-family: &quot;Arial Narrow&quot;; color: rgb(0, 0, 0);\"><span class=\"s1\" style=\"font-variant-numeric: normal; font-variant-east-asian: normal; font-stretch: normal; font-size: 11px; line-height: normal; font-family: Helvetica;\">&nbsp;<\/span>Elle met au point d\u00e8s 1947 la \u00abbatterie<span class=\"Apple-converted-space\">&nbsp; <\/span>de<span class=\"Apple-converted-space\">&nbsp; <\/span>s\u00e9curit\u00e9<span class=\"Apple-converted-space\">&nbsp; <\/span>du professeur Raymond BONNARDEL qui a fait l\u2019objet d\u2019une \u00e9tude scientifique importante et doit remplacer la batterie de s\u00e9curit\u00e9 de J.M. Lahy qui&nbsp;, m\u00eame si elle n\u2019a pas d\u00e9m\u00e9rit\u00e9e, ne r\u00e9pond plus aux normes scientifiques de l\u2019\u00e9poque.<span class=\"Apple-converted-space\">&nbsp;<\/span><\/p>\t\t\t\t\t\t\t\t<\/div>\n\t\t\t\t<\/div>\n\t\t\t\t\t<\/div>\n\t\t<\/div>\n\t\t\t\t\t<\/div>\n\t\t<\/section>\n\t\t\t\t<section class=\"elementor-section elementor-top-section elementor-element elementor-element-fbbec36 elementor-section-boxed elementor-section-height-default elementor-section-height-default\" data-id=\"fbbec36\" data-element_type=\"section\" data-e-type=\"section\">\n\t\t\t\t\t\t<div class=\"elementor-container elementor-column-gap-default\">\n\t\t\t\t\t<div class=\"elementor-column elementor-col-100 elementor-top-column elementor-element elementor-element-ed511e5\" data-id=\"ed511e5\" data-element_type=\"column\" data-e-type=\"column\">\n\t\t\t<div class=\"elementor-widget-wrap elementor-element-populated\">\n\t\t\t\t\t\t<div class=\"elementor-element elementor-element-1fe62e1 elementor-widget elementor-widget-image\" data-id=\"1fe62e1\" data-element_type=\"widget\" data-e-type=\"widget\" data-widget_type=\"image.default\">\n\t\t\t\t<div class=\"elementor-widget-container\">\n\t\t\t\t\t\t\t\t\t\t\t\t\t\t\t<img loading=\"lazy\" decoding=\"async\" data-attachment-id=\"2685\" data-permalink=\"https:\/\/octamus.fr\/index.php\/denise-guyot-et-la-gerance-des-eap\/denise-fig3\/\" data-orig-file=\"https:\/\/octamus.fr\/wp-content\/uploads\/2021\/07\/denise-fig3.jpg\" data-orig-size=\"708,388\" data-comments-opened=\"1\" data-image-meta=\"{&quot;aperture&quot;:&quot;0&quot;,&quot;credit&quot;:&quot;&quot;,&quot;camera&quot;:&quot;&quot;,&quot;caption&quot;:&quot;&quot;,&quot;created_timestamp&quot;:&quot;0&quot;,&quot;copyright&quot;:&quot;&quot;,&quot;focal_length&quot;:&quot;0&quot;,&quot;iso&quot;:&quot;0&quot;,&quot;shutter_speed&quot;:&quot;0&quot;,&quot;title&quot;:&quot;&quot;,&quot;orientation&quot;:&quot;1&quot;}\" data-image-title=\"denise fig3\" data-image-description=\"\" data-image-caption=\"\" data-large-file=\"https:\/\/octamus.fr\/wp-content\/uploads\/2021\/07\/denise-fig3.jpg\" width=\"580\" height=\"318\" src=\"https:\/\/octamus.fr\/wp-content\/uploads\/2021\/07\/denise-fig3.jpg\" class=\"attachment-large size-large wp-image-2685\" alt=\"\" srcset=\"https:\/\/octamus.fr\/wp-content\/uploads\/2021\/07\/denise-fig3.jpg 708w, https:\/\/octamus.fr\/wp-content\/uploads\/2021\/07\/denise-fig3-300x164.jpg 300w\" sizes=\"(max-width: 580px) 100vw, 580px\" data-attachment-id=\"2685\" data-permalink=\"https:\/\/octamus.fr\/index.php\/denise-guyot-et-la-gerance-des-eap\/denise-fig3\/\" data-orig-file=\"https:\/\/octamus.fr\/wp-content\/uploads\/2021\/07\/denise-fig3.jpg\" data-orig-size=\"708,388\" data-comments-opened=\"1\" data-image-meta=\"{&quot;aperture&quot;:&quot;0&quot;,&quot;credit&quot;:&quot;&quot;,&quot;camera&quot;:&quot;&quot;,&quot;caption&quot;:&quot;&quot;,&quot;created_timestamp&quot;:&quot;0&quot;,&quot;copyright&quot;:&quot;&quot;,&quot;focal_length&quot;:&quot;0&quot;,&quot;iso&quot;:&quot;0&quot;,&quot;shutter_speed&quot;:&quot;0&quot;,&quot;title&quot;:&quot;&quot;,&quot;orientation&quot;:&quot;1&quot;}\" data-image-title=\"denise fig3\" data-image-description=\"\" data-image-caption=\"\" data-large-file=\"https:\/\/octamus.fr\/wp-content\/uploads\/2021\/07\/denise-fig3.jpg\" \/>\t\t\t\t\t\t\t\t\t\t\t\t\t\t\t<\/div>\n\t\t\t\t<\/div>\n\t\t\t\t\t<\/div>\n\t\t<\/div>\n\t\t\t\t\t<\/div>\n\t\t<\/section>\n\t\t\t\t<section class=\"elementor-section elementor-top-section elementor-element elementor-element-892e776 elementor-section-boxed elementor-section-height-default elementor-section-height-default\" data-id=\"892e776\" data-element_type=\"section\" data-e-type=\"section\">\n\t\t\t\t\t\t<div class=\"elementor-container elementor-column-gap-default\">\n\t\t\t\t\t<div class=\"elementor-column elementor-col-50 elementor-top-column elementor-element elementor-element-bd4fe2f\" data-id=\"bd4fe2f\" data-element_type=\"column\" data-e-type=\"column\">\n\t\t\t<div class=\"elementor-widget-wrap elementor-element-populated\">\n\t\t\t\t\t\t<div class=\"elementor-element elementor-element-7e01ac7 elementor-widget elementor-widget-text-editor\" data-id=\"7e01ac7\" data-element_type=\"widget\" data-e-type=\"widget\" data-widget_type=\"text-editor.default\">\n\t\t\t\t<div class=\"elementor-widget-container\">\n\t\t\t\t\t\t\t\t\t<p class=\"p1\" style=\"margin-bottom: 10px; text-align: justify; font-variant-numeric: normal; font-variant-east-asian: normal; font-stretch: normal; font-size: 18px; line-height: normal; font-family: \"Arial Narrow\"; color: rgb(0, 0, 0);\"><span class=\"s1\" style=\"font-variant-numeric: normal; font-variant-east-asian: normal; font-stretch: normal; font-size: 11px; line-height: normal; font-family: Helvetica;\">\u00a0<\/span><span class=\"Apple-tab-span\" style=\"white-space: pre;\">\t<\/span>Les EAP fournissent universit\u00e9s, minist\u00e8res, services publics, soci\u00e9t\u00e9s de transport, mines et industries dans plus de vingt pays d\u00e8s 1960. De 1950 \u00e0 1980 la diffusion des tests papier-c<span class=\"s1\" style=\"font-variant-numeric: normal; font-variant-east-asian: normal; font-stretch: normal; font-size: 11px; line-height: normal; font-family: Helvetica;\">r<\/span>ayon est massive et des centaines de milliers de jeunes et probablement des millions prennent ainsi contact avec la psychologie. En 1971, pr\u00e8s du quart de la population fran\u00e7aise a d\u00e9j\u00e0 pass\u00e9 des tests.<br> D\u00e8s 1953 elle diffuse le test de<span class=\"Apple-converted-space\">\u00a0 <\/span>BRUNET et LEZINE (BL), sur le d\u00e9veloppement psychomoteur de l\u2019enfant , puis entre 1955 et 1960 le test de rapidit\u00e9 et du coup d\u2019\u0153il de Pierre GOGUELIN<span class=\"Apple-converted-space\">\u00a0 <\/span>(RPCG), ainsi que son test psychomoteur tridimensionnel (TDG)<\/p>\t\t\t\t\t\t\t\t<\/div>\n\t\t\t\t<\/div>\n\t\t\t\t\t<\/div>\n\t\t<\/div>\n\t\t\t\t<div class=\"elementor-column elementor-col-50 elementor-top-column elementor-element elementor-element-fd2d119\" data-id=\"fd2d119\" data-element_type=\"column\" data-e-type=\"column\">\n\t\t\t<div class=\"elementor-widget-wrap elementor-element-populated\">\n\t\t\t\t\t\t<div class=\"elementor-element elementor-element-07daf10 elementor-widget elementor-widget-image\" data-id=\"07daf10\" data-element_type=\"widget\" data-e-type=\"widget\" data-widget_type=\"image.default\">\n\t\t\t\t<div class=\"elementor-widget-container\">\n\t\t\t\t\t\t\t\t\t\t\t\t\t\t\t<img loading=\"lazy\" decoding=\"async\" data-attachment-id=\"2689\" data-permalink=\"https:\/\/octamus.fr\/index.php\/denise-guyot-et-la-gerance-des-eap\/denise-fig4\/\" data-orig-file=\"https:\/\/octamus.fr\/wp-content\/uploads\/2021\/07\/denise-fig4.jpg\" data-orig-size=\"494,426\" data-comments-opened=\"1\" data-image-meta=\"{&quot;aperture&quot;:&quot;0&quot;,&quot;credit&quot;:&quot;&quot;,&quot;camera&quot;:&quot;&quot;,&quot;caption&quot;:&quot;&quot;,&quot;created_timestamp&quot;:&quot;0&quot;,&quot;copyright&quot;:&quot;&quot;,&quot;focal_length&quot;:&quot;0&quot;,&quot;iso&quot;:&quot;0&quot;,&quot;shutter_speed&quot;:&quot;0&quot;,&quot;title&quot;:&quot;&quot;,&quot;orientation&quot;:&quot;1&quot;}\" data-image-title=\"denise fig4\" data-image-description=\"\" data-image-caption=\"\" data-large-file=\"https:\/\/octamus.fr\/wp-content\/uploads\/2021\/07\/denise-fig4.jpg\" width=\"494\" height=\"426\" src=\"https:\/\/octamus.fr\/wp-content\/uploads\/2021\/07\/denise-fig4.jpg\" class=\"attachment-large size-large wp-image-2689\" alt=\"\" srcset=\"https:\/\/octamus.fr\/wp-content\/uploads\/2021\/07\/denise-fig4.jpg 494w, https:\/\/octamus.fr\/wp-content\/uploads\/2021\/07\/denise-fig4-300x259.jpg 300w\" sizes=\"(max-width: 494px) 100vw, 494px\" data-attachment-id=\"2689\" data-permalink=\"https:\/\/octamus.fr\/index.php\/denise-guyot-et-la-gerance-des-eap\/denise-fig4\/\" data-orig-file=\"https:\/\/octamus.fr\/wp-content\/uploads\/2021\/07\/denise-fig4.jpg\" data-orig-size=\"494,426\" data-comments-opened=\"1\" data-image-meta=\"{&quot;aperture&quot;:&quot;0&quot;,&quot;credit&quot;:&quot;&quot;,&quot;camera&quot;:&quot;&quot;,&quot;caption&quot;:&quot;&quot;,&quot;created_timestamp&quot;:&quot;0&quot;,&quot;copyright&quot;:&quot;&quot;,&quot;focal_length&quot;:&quot;0&quot;,&quot;iso&quot;:&quot;0&quot;,&quot;shutter_speed&quot;:&quot;0&quot;,&quot;title&quot;:&quot;&quot;,&quot;orientation&quot;:&quot;1&quot;}\" data-image-title=\"denise fig4\" data-image-description=\"\" data-image-caption=\"\" data-large-file=\"https:\/\/octamus.fr\/wp-content\/uploads\/2021\/07\/denise-fig4.jpg\" \/>\t\t\t\t\t\t\t\t\t\t\t\t\t\t\t<\/div>\n\t\t\t\t<\/div>\n\t\t\t\t\t<\/div>\n\t\t<\/div>\n\t\t\t\t\t<\/div>\n\t\t<\/section>\n\t\t\t\t<section class=\"elementor-section elementor-top-section elementor-element elementor-element-97926a9 elementor-section-boxed elementor-section-height-default elementor-section-height-default\" data-id=\"97926a9\" data-element_type=\"section\" data-e-type=\"section\">\n\t\t\t\t\t\t<div class=\"elementor-container elementor-column-gap-default\">\n\t\t\t\t\t<div class=\"elementor-column elementor-col-100 elementor-top-column elementor-element elementor-element-ff7d4d1\" data-id=\"ff7d4d1\" data-element_type=\"column\" data-e-type=\"column\">\n\t\t\t<div class=\"elementor-widget-wrap elementor-element-populated\">\n\t\t\t\t\t\t<div class=\"elementor-element elementor-element-21cefa9 elementor-widget elementor-widget-text-editor\" data-id=\"21cefa9\" data-element_type=\"widget\" data-e-type=\"widget\" data-widget_type=\"text-editor.default\">\n\t\t\t\t<div class=\"elementor-widget-container\">\n\t\t\t\t\t\t\t\t\t<p class=\"p1\" style=\"margin-bottom: 10px; text-align: justify; font-variant-numeric: normal; font-variant-east-asian: normal; font-stretch: normal; font-size: 18px; line-height: normal; font-family: \"Arial Narrow\"; color: rgb(0, 0, 0);\"><span class=\"Apple-tab-span\" style=\"white-space: pre;\">\t<\/span>Elle diffuse la psychologie fran\u00e7aise, au niveau international<span class=\"Apple-converted-space\">\u00a0 <\/span>avec l\u2019ing\u00e9nieur, futur psychologue apr\u00e8s ses \u00e9tudes aux CNAM, Robert SIMONNET dont les conceptions et les techniques s\u2019int\u00e8grent \u00e0 celles de Raymond BONNARDEL, puis celles de Jacques BREMOND.<\/p><p class=\"p1\" style=\"margin-bottom: 10px; text-align: justify; font-variant-numeric: normal; font-variant-east-asian: normal; font-stretch: normal; font-size: 18px; line-height: normal; font-family: \"Arial Narrow\"; color: rgb(0, 0, 0);\"><span class=\"Apple-tab-span\" style=\"white-space: pre;\">\t<\/span> Elle anime avec Robert SIMONNET, devenu son mari,<span class=\"Apple-converted-space\">\u00a0 <\/span>le stand des EAP aux expositions fran\u00e7aises de Moscou en 1960, Mexico en 1963, Moscou 1965, Djakarta 1977, Le Caire 1982. Durant ces ann\u00e9es ses activit\u00e9s internationales restent tr\u00e8s soutenues. Elle se d\u00e9place dans treize pays europ\u00e9ens, parfois visit\u00e9s \u00e0 plusieurs reprises (Allemagne, Belgique, Danemark, Espagne, Gr\u00e8ce, Italie, Pays-Bas, Portugal, Royaume-Uni, Su\u00e8de, Suisse, URSS, Yougoslavie) ; deux pays africains (Cameroun, \u00c9gypte) ; huit pays asiatiques (Cambodge, Inde, Indon\u00e9sie, Isra\u00ebl, Japon, Liban, Syrie, Viet-Nam) ; deux pays am\u00e9ricains (Canada, Mexique). Elle cr\u00e9e des filiales en Belgique, Espagne et au Portugal et d\u00e9signe des agents exclusifs en Italie et en Gr\u00e8ce.<\/p><p class=\"p1\" style=\"margin-bottom: 10px; text-align: justify; font-variant-numeric: normal; font-variant-east-asian: normal; font-stretch: normal; font-size: 18px; line-height: normal; font-family: \"Arial Narrow\"; color: rgb(0, 0, 0);\"><span class=\"Apple-tab-span\" style=\"white-space: pre;\">\t<\/span>Durand sa g\u00e9rance, elle est \u00e0 l\u2019origine de trois cr\u00e9ations de succursales des EAP \u00e0 l\u2019\u00e9tranger qui sont\u00a0, dans l\u2019ordre de leurs cr\u00e9ations: la Belgique (Bruxelles) directeur-g\u00e9rant R\u00e9gine et Francis VAN-DAM, l\u2019Espagne (Madrid) directeur-g\u00e9rant Aurore MURGA, le Portugal (Lisbonne) directeur-g\u00e9rant Manuel<span class=\"Apple-converted-space\">\u00a0 <\/span>et Isabelle CASTELLA.<span class=\"Apple-converted-space\">\u00a0<\/span><\/p><p class=\"p1\" style=\"margin-bottom: 10px; text-align: justify; font-variant-numeric: normal; font-variant-east-asian: normal; font-stretch: normal; font-size: 18px; line-height: normal; font-family: \"Arial Narrow\"; color: rgb(0, 0, 0);\"><span class=\"Apple-tab-span\" style=\"white-space: pre;\">\t<\/span>Elle dirigera les EAP jusqu\u2019\u00e0 sa retraite en 1973 et Robert SIMONNET lui succ\u00e9dera.<br> Elle fut faite Chevalier dans l\u2019Ordre national du m\u00e9rite en 1980 au congr\u00e8s de l\u2019ACOF. En 2004, elle fut sollicit\u00e9e et invit\u00e9e \u00e0 d\u00e9crire son parcours personnel et professionnel comme objet d\u2019histoire lors d\u2019une s\u00e9ance du s\u00e9minaire du GREO, qui fut \u00e0 l\u2019origine de la publication\u00a0, quelques ann\u00e9es plus tard, de cette premi\u00e8re histoire d\u2019une entreprise de fabrication et de diffusion de tests de psychom\u00e9trie.<\/p>\t\t\t\t\t\t\t\t<\/div>\n\t\t\t\t<\/div>\n\t\t\t\t\t<\/div>\n\t\t<\/div>\n\t\t\t\t\t<\/div>\n\t\t<\/section>\n\t\t\t\t<section class=\"elementor-section elementor-top-section elementor-element elementor-element-c66d9a7 elementor-section-boxed elementor-section-height-default elementor-section-height-default\" data-id=\"c66d9a7\" data-element_type=\"section\" data-e-type=\"section\">\n\t\t\t\t\t\t<div class=\"elementor-container elementor-column-gap-default\">\n\t\t\t\t\t<div class=\"elementor-column elementor-col-100 elementor-top-column elementor-element elementor-element-1d92362\" data-id=\"1d92362\" data-element_type=\"column\" data-e-type=\"column\">\n\t\t\t<div class=\"elementor-widget-wrap elementor-element-populated\">\n\t\t\t\t\t\t<div class=\"elementor-element elementor-element-cd181a2 elementor-widget elementor-widget-text-editor\" data-id=\"cd181a2\" data-element_type=\"widget\" data-e-type=\"widget\" data-widget_type=\"text-editor.default\">\n\t\t\t\t<div class=\"elementor-widget-container\">\n\t\t\t\t\t\t\t\t\t<p class=\"p1\" style=\"margin-bottom: 10px; margin-left: 35.4px; text-align: left; font-variant-numeric: normal; font-variant-east-asian: normal; font-stretch: normal; font-size: 18px; line-height: normal; font-family: 'Arial Narrow'; color: #000000;\"><span class=\"s1\" style=\"text-decoration-line: underline;\"><b>Troisi\u00e8me g\u00e9rance<span class=\"Apple-converted-space\">\u00a0 \u00a0 \u00a0 \u00a0 \u00a0 \u00a0 \u00a0 \u00a0 \u00a0 \u00a0 \u00a0 \u00a0 \u00a0\u00a0<\/span><\/b><\/span><b style=\"letter-spacing: -0.015em;\"><i>Robert <span class=\"Apple-converted-space\">\u00a0 <\/span>Simonnet 1973 \u2013 1995<\/i><\/b><\/p><p class=\"p2\" style=\"margin-bottom: 10px; text-align: justify; font-variant-numeric: normal; font-variant-east-asian: normal; font-stretch: normal; font-size: 18px; line-height: normal; font-family: 'Arial Narrow'; color: #000000; min-height: 21px;\">\u00a0<\/p>\t\t\t\t\t\t\t\t<\/div>\n\t\t\t\t<\/div>\n\t\t\t\t\t<\/div>\n\t\t<\/div>\n\t\t\t\t\t<\/div>\n\t\t<\/section>\n\t\t\t\t<section class=\"elementor-section elementor-top-section elementor-element elementor-element-b5fa909 elementor-section-boxed elementor-section-height-default elementor-section-height-default\" data-id=\"b5fa909\" data-element_type=\"section\" data-e-type=\"section\">\n\t\t\t\t\t\t<div class=\"elementor-container elementor-column-gap-default\">\n\t\t\t\t\t<div class=\"elementor-column elementor-col-50 elementor-top-column elementor-element elementor-element-c0a13d9\" data-id=\"c0a13d9\" data-element_type=\"column\" data-e-type=\"column\">\n\t\t\t<div class=\"elementor-widget-wrap elementor-element-populated\">\n\t\t\t\t\t\t<div class=\"elementor-element elementor-element-aaf00b8 elementor-widget elementor-widget-text-editor\" data-id=\"aaf00b8\" data-element_type=\"widget\" data-e-type=\"widget\" data-widget_type=\"text-editor.default\">\n\t\t\t\t<div class=\"elementor-widget-container\">\n\t\t\t\t\t\t\t\t\t<p style=\"margin-bottom: 10px; text-align: justify; font-variant-numeric: normal; font-variant-east-asian: normal; font-stretch: normal; font-size: 18px; line-height: normal; font-family: &quot;Arial Narrow&quot;; color: rgb(0, 0, 0);\"><span style=\"font-variant-numeric: normal; font-variant-east-asian: normal; font-stretch: normal; font-size: 11px; line-height: normal; font-family: Helvetica;\">&nbsp;<\/span><span style=\"white-space: pre;\">\t<\/span>En 1973, Robert Simonnet, ing\u00e9nieur<span style=\"font-variant-numeric: normal; font-variant-east-asian: normal; font-stretch: normal; font-size: 11px; line-height: normal; font-family: Helvetica;\"> <\/span>ESTACA (\u00c9cole Sup\u00e9rieure de Techniques Automobile et de Construction A\u00e9ronautique) et Psychotechnicien (CNAM)&nbsp;<span style=\"font-weight: var( --e-global-typography-text-font-weight );\">succ\u00e8de&nbsp;<\/span><span style=\"font-weight: var( --e-global-typography-text-font-weight );\">\u00e0 Denise Guyot, sa femme,&nbsp; comme g\u00e9rant des EAP<\/span><\/p>\t\t\t\t\t\t\t\t<\/div>\n\t\t\t\t<\/div>\n\t\t\t\t\t<\/div>\n\t\t<\/div>\n\t\t\t\t<div class=\"elementor-column elementor-col-50 elementor-top-column elementor-element elementor-element-a90211b\" data-id=\"a90211b\" data-element_type=\"column\" data-e-type=\"column\">\n\t\t\t<div class=\"elementor-widget-wrap elementor-element-populated\">\n\t\t\t\t\t\t<div class=\"elementor-element elementor-element-47e4748 elementor-widget elementor-widget-image\" data-id=\"47e4748\" data-element_type=\"widget\" data-e-type=\"widget\" data-widget_type=\"image.default\">\n\t\t\t\t<div class=\"elementor-widget-container\">\n\t\t\t\t\t\t\t\t\t\t\t\t\t\t\t<img loading=\"lazy\" decoding=\"async\" data-attachment-id=\"2694\" data-permalink=\"https:\/\/octamus.fr\/index.php\/denise-guyot-et-la-gerance-des-eap\/denise-fig5\/\" data-orig-file=\"https:\/\/octamus.fr\/wp-content\/uploads\/2021\/07\/denise-fig5.jpg\" data-orig-size=\"408,232\" data-comments-opened=\"1\" data-image-meta=\"{&quot;aperture&quot;:&quot;0&quot;,&quot;credit&quot;:&quot;&quot;,&quot;camera&quot;:&quot;&quot;,&quot;caption&quot;:&quot;&quot;,&quot;created_timestamp&quot;:&quot;0&quot;,&quot;copyright&quot;:&quot;&quot;,&quot;focal_length&quot;:&quot;0&quot;,&quot;iso&quot;:&quot;0&quot;,&quot;shutter_speed&quot;:&quot;0&quot;,&quot;title&quot;:&quot;&quot;,&quot;orientation&quot;:&quot;1&quot;}\" data-image-title=\"denise fig5\" data-image-description=\"\" data-image-caption=\"\" data-large-file=\"https:\/\/octamus.fr\/wp-content\/uploads\/2021\/07\/denise-fig5.jpg\" width=\"408\" height=\"232\" src=\"https:\/\/octamus.fr\/wp-content\/uploads\/2021\/07\/denise-fig5.jpg\" class=\"attachment-large size-large wp-image-2694\" alt=\"\" srcset=\"https:\/\/octamus.fr\/wp-content\/uploads\/2021\/07\/denise-fig5.jpg 408w, https:\/\/octamus.fr\/wp-content\/uploads\/2021\/07\/denise-fig5-300x171.jpg 300w\" sizes=\"(max-width: 408px) 100vw, 408px\" data-attachment-id=\"2694\" data-permalink=\"https:\/\/octamus.fr\/index.php\/denise-guyot-et-la-gerance-des-eap\/denise-fig5\/\" data-orig-file=\"https:\/\/octamus.fr\/wp-content\/uploads\/2021\/07\/denise-fig5.jpg\" data-orig-size=\"408,232\" data-comments-opened=\"1\" data-image-meta=\"{&quot;aperture&quot;:&quot;0&quot;,&quot;credit&quot;:&quot;&quot;,&quot;camera&quot;:&quot;&quot;,&quot;caption&quot;:&quot;&quot;,&quot;created_timestamp&quot;:&quot;0&quot;,&quot;copyright&quot;:&quot;&quot;,&quot;focal_length&quot;:&quot;0&quot;,&quot;iso&quot;:&quot;0&quot;,&quot;shutter_speed&quot;:&quot;0&quot;,&quot;title&quot;:&quot;&quot;,&quot;orientation&quot;:&quot;1&quot;}\" data-image-title=\"denise fig5\" data-image-description=\"\" data-image-caption=\"\" data-large-file=\"https:\/\/octamus.fr\/wp-content\/uploads\/2021\/07\/denise-fig5.jpg\" \/>\t\t\t\t\t\t\t\t\t\t\t\t\t\t\t<\/div>\n\t\t\t\t<\/div>\n\t\t\t\t\t<\/div>\n\t\t<\/div>\n\t\t\t\t\t<\/div>\n\t\t<\/section>\n\t\t\t\t<section class=\"elementor-section elementor-top-section elementor-element elementor-element-dbc5060 elementor-section-boxed elementor-section-height-default elementor-section-height-default\" data-id=\"dbc5060\" data-element_type=\"section\" data-e-type=\"section\">\n\t\t\t\t\t\t<div class=\"elementor-container elementor-column-gap-default\">\n\t\t\t\t\t<div class=\"elementor-column elementor-col-100 elementor-top-column elementor-element elementor-element-4283c34\" data-id=\"4283c34\" data-element_type=\"column\" data-e-type=\"column\">\n\t\t\t<div class=\"elementor-widget-wrap elementor-element-populated\">\n\t\t\t\t\t\t<div class=\"elementor-element elementor-element-1379971 elementor-widget elementor-widget-text-editor\" data-id=\"1379971\" data-element_type=\"widget\" data-e-type=\"widget\" data-widget_type=\"text-editor.default\">\n\t\t\t\t<div class=\"elementor-widget-container\">\n\t\t\t\t\t\t\t\t\t<p class=\"p1\" style=\"margin-bottom: 10px; text-align: justify; font-variant-numeric: normal; font-variant-east-asian: normal; font-stretch: normal; font-size: 18px; line-height: normal; font-family: &quot;Arial Narrow&quot;; color: rgb(0, 0, 0);\"><span class=\"s1\" style=\"font-variant-numeric: normal; font-variant-east-asian: normal; font-stretch: normal; font-size: 11px; line-height: normal; font-family: Helvetica;\">&nbsp;<\/span><span class=\"Apple-tab-span\" style=\"white-space: pre;\">\t<\/span>Trois \u00e9v\u00e8nements importants jalonneront cette p\u00e9riode, le premier (1975) consistera en la cr\u00e9ation dans l\u2019entreprise d\u2019une \u00ab&nbsp;imprimerie int\u00e9gr\u00e9e&nbsp;\u00bb avec l\u2019embauche d\u2019une personnes pour la composition des livres, le deuxi\u00e8me (1979) en la cr\u00e9ation d\u2019un d\u00e9partement<span class=\"Apple-converted-space\">&nbsp; <\/span>informatique, le troisi\u00e8me (1982) en la mise en place d\u2019un syst\u00e8me informatique de correction des tests.<\/p><p class=\"p1\" style=\"margin-bottom: 10px; text-align: justify; font-variant-numeric: normal; font-variant-east-asian: normal; font-stretch: normal; font-size: 18px; line-height: normal; font-family: &quot;Arial Narrow&quot;; color: rgb(0, 0, 0);\">En 1979, le nouvel appareil enti\u00e8rement \u00e9lectronique \u00ab&nbsp;POLYREACTIOGRAPHE&nbsp;\u00bb (PRG) de Robert SIMONNET regroupant tous les programmes des tests de r\u00e9actions psychomotrices, r\u00e9volutionne l\u2019ancien syst\u00e8me \u00ab\u00e9lectrom\u00e9canique\u00bb et en 1985 la batterie de tests<span class=\"Apple-converted-space\">&nbsp; <\/span>\u00abPSYCHO-INFORMATIQUE\u00bb de Robert SIMONNET, qui utilise d\u00e9j\u00e0 \u00e0 cette \u00e9poque, sans en avoir conscience, ce qui deviendra une dizaine d\u2018ann\u00e9es plus tard \u00abl\u2019intelligence artificielle\u00bb, exploitant cette nouvelle technologie.<\/p><p class=\"p1\" style=\"margin-bottom: 10px; text-align: justify; font-variant-numeric: normal; font-variant-east-asian: normal; font-stretch: normal; font-size: 18px; line-height: normal; font-family: &quot;Arial Narrow&quot;; color: rgb(0, 0, 0);\">En 1995 l\u2019entreprise des EAP est vendue.<\/p>\t\t\t\t\t\t\t\t<\/div>\n\t\t\t\t<\/div>\n\t\t\t\t\t<\/div>\n\t\t<\/div>\n\t\t\t\t\t<\/div>\n\t\t<\/section>\n\t\t\t\t<section class=\"elementor-section elementor-top-section elementor-element elementor-element-40ab7d4 elementor-section-boxed elementor-section-height-default elementor-section-height-default\" data-id=\"40ab7d4\" data-element_type=\"section\" data-e-type=\"section\">\n\t\t\t\t\t\t<div class=\"elementor-container elementor-column-gap-default\">\n\t\t\t\t\t<div class=\"elementor-column elementor-col-100 elementor-top-column elementor-element elementor-element-ebb1bf6\" data-id=\"ebb1bf6\" data-element_type=\"column\" data-e-type=\"column\">\n\t\t\t<div class=\"elementor-widget-wrap elementor-element-populated\">\n\t\t\t\t\t\t<div class=\"elementor-element elementor-element-726d47b elementor-widget elementor-widget-image\" data-id=\"726d47b\" data-element_type=\"widget\" data-e-type=\"widget\" data-widget_type=\"image.default\">\n\t\t\t\t<div class=\"elementor-widget-container\">\n\t\t\t\t\t\t\t\t\t\t\t\t\t\t\t<img loading=\"lazy\" decoding=\"async\" data-attachment-id=\"2631\" data-permalink=\"https:\/\/octamus.fr\/reception-en-2014-pour-les-cent-ans-de-denise\/\" data-orig-file=\"https:\/\/octamus.fr\/wp-content\/uploads\/2021\/07\/reception-en-2014-pour-les-cent-ans-de-denise.jpg\" data-orig-size=\"468,352\" data-comments-opened=\"1\" data-image-meta=\"{&quot;aperture&quot;:&quot;0&quot;,&quot;credit&quot;:&quot;&quot;,&quot;camera&quot;:&quot;&quot;,&quot;caption&quot;:&quot;&quot;,&quot;created_timestamp&quot;:&quot;0&quot;,&quot;copyright&quot;:&quot;&quot;,&quot;focal_length&quot;:&quot;0&quot;,&quot;iso&quot;:&quot;0&quot;,&quot;shutter_speed&quot;:&quot;0&quot;,&quot;title&quot;:&quot;&quot;,&quot;orientation&quot;:&quot;1&quot;}\" data-image-title=\"reception en 2014 pour les cent ans de denise\" data-image-description=\"\" data-image-caption=\"\" data-large-file=\"https:\/\/octamus.fr\/wp-content\/uploads\/2021\/07\/reception-en-2014-pour-les-cent-ans-de-denise.jpg\" width=\"300\" height=\"226\" src=\"https:\/\/octamus.fr\/wp-content\/uploads\/2021\/07\/reception-en-2014-pour-les-cent-ans-de-denise-300x226.jpg\" class=\"attachment-medium size-medium wp-image-2631\" alt=\"\" srcset=\"https:\/\/octamus.fr\/wp-content\/uploads\/2021\/07\/reception-en-2014-pour-les-cent-ans-de-denise-300x226.jpg 300w, https:\/\/octamus.fr\/wp-content\/uploads\/2021\/07\/reception-en-2014-pour-les-cent-ans-de-denise.jpg 468w\" sizes=\"(max-width: 300px) 100vw, 300px\" data-attachment-id=\"2631\" data-permalink=\"https:\/\/octamus.fr\/reception-en-2014-pour-les-cent-ans-de-denise\/\" data-orig-file=\"https:\/\/octamus.fr\/wp-content\/uploads\/2021\/07\/reception-en-2014-pour-les-cent-ans-de-denise.jpg\" data-orig-size=\"468,352\" data-comments-opened=\"1\" data-image-meta=\"{&quot;aperture&quot;:&quot;0&quot;,&quot;credit&quot;:&quot;&quot;,&quot;camera&quot;:&quot;&quot;,&quot;caption&quot;:&quot;&quot;,&quot;created_timestamp&quot;:&quot;0&quot;,&quot;copyright&quot;:&quot;&quot;,&quot;focal_length&quot;:&quot;0&quot;,&quot;iso&quot;:&quot;0&quot;,&quot;shutter_speed&quot;:&quot;0&quot;,&quot;title&quot;:&quot;&quot;,&quot;orientation&quot;:&quot;1&quot;}\" data-image-title=\"reception en 2014 pour les cent ans de denise\" data-image-description=\"\" data-image-caption=\"\" data-large-file=\"https:\/\/octamus.fr\/wp-content\/uploads\/2021\/07\/reception-en-2014-pour-les-cent-ans-de-denise.jpg\" \/>\t\t\t\t\t\t\t\t\t\t\t\t\t\t\t<\/div>\n\t\t\t\t<\/div>\n\t\t\t\t\t<\/div>\n\t\t<\/div>\n\t\t\t\t\t<\/div>\n\t\t<\/section>\n\t\t\t\t<section class=\"elementor-section elementor-top-section elementor-element elementor-element-4e067ba elementor-section-boxed elementor-section-height-default elementor-section-height-default\" data-id=\"4e067ba\" data-element_type=\"section\" data-e-type=\"section\">\n\t\t\t\t\t\t<div class=\"elementor-container elementor-column-gap-default\">\n\t\t\t\t\t<div class=\"elementor-column elementor-col-100 elementor-top-column elementor-element elementor-element-f9c7a0d\" data-id=\"f9c7a0d\" data-element_type=\"column\" data-e-type=\"column\">\n\t\t\t<div class=\"elementor-widget-wrap elementor-element-populated\">\n\t\t\t\t\t\t<div class=\"elementor-element elementor-element-1f1b995 elementor-widget elementor-widget-text-editor\" data-id=\"1f1b995\" data-element_type=\"widget\" data-e-type=\"widget\" data-widget_type=\"text-editor.default\">\n\t\t\t\t<div class=\"elementor-widget-container\">\n\t\t\t\t\t\t\t\t\t<p class=\"p1\" style=\"margin-bottom: 10px; text-align: justify; font-variant-numeric: normal; font-variant-east-asian: normal; font-stretch: normal; line-height: normal; color: #000000;\"><span style=\"font-family: 'Arial Narrow'; font-size: 18px;\"><span class=\"s1\" style=\"font-variant-numeric: normal; font-variant-east-asian: normal; font-stretch: normal; font-size: 11px; line-height: normal; font-family: Helvetica;\">\u00a0<\/span> Le 7 juin 2004, avec Robert SIMONNET<\/span><span style=\"font-family: Arial Narrow;\">, Denise SIMONNET-GUYOT intervient dans le cadre du GREO pour narrer<\/span><span class=\"Apple-converted-space\" style=\"font-family: 'Arial Narrow'; font-size: 18px;\">\u00a0 <\/span><span style=\"font-family: Arial Narrow;\">l\u2019Histoire des \u00c9tablissements d\u2019Applications Psychotechniques (1927-1995).<\/span><span class=\"Apple-converted-space\" style=\"font-family: 'Arial Narrow'; font-size: 18px;\">\u00a0 <\/span><span style=\"font-family: Arial Narrow;\">Psychologue et ing\u00e9nieur racontent l\u2019histoire de la production et de l\u2019utilisation des tests en France au d\u00e9but du vingti\u00e8me si\u00e8cle. Le 9 juillet 2008 \u00e0 l\u2019INETOP, GREO, ACOF, Robert et Denise ont re\u00e7u de nombreux coll\u00e8gues pour signer l\u2019ouvrage \u00ab <\/span><i style=\"font-family: 'Arial Narrow'; font-size: 18px;\">Un si\u00e8cle de psychom\u00e9trie et de psychologie. \u00c9tablissements d\u2019applications psychotechniques \u00bb<\/i><span style=\"font-family: Arial Narrow;\"> sous la pr\u00e9sidence d\u2019Anne LANCRY-HOESTLANDT Directrice de l\u2019INETOP.<\/span><\/p><p class=\"p1\" style=\"margin-bottom: 10px; text-align: justify; font-variant-numeric: normal; font-variant-east-asian: normal; font-stretch: normal; font-size: 18px; line-height: normal; font-family: 'Arial Narrow'; color: #000000;\">En 2014, Denise avait organis\u00e9 pour ses cent ans, le 28 mai, une r\u00e9ception<span class=\"Apple-converted-space\">\u00a0 <\/span>\u00e0 l\u2019INETOP \u00e0 l\u2019invitation du GREO et de l\u2019ACOP \u00bb.<\/p>\t\t\t\t\t\t\t\t<\/div>\n\t\t\t\t<\/div>\n\t\t\t\t\t<\/div>\n\t\t<\/div>\n\t\t\t\t\t<\/div>\n\t\t<\/section>\n\t\t\t\t<section class=\"elementor-section elementor-top-section elementor-element elementor-element-86266ea elementor-section-boxed elementor-section-height-default elementor-section-height-default\" data-id=\"86266ea\" data-element_type=\"section\" data-e-type=\"section\">\n\t\t\t\t\t\t<div class=\"elementor-container elementor-column-gap-default\">\n\t\t\t\t\t<div class=\"elementor-column elementor-col-100 elementor-top-column elementor-element elementor-element-d82b65e\" data-id=\"d82b65e\" data-element_type=\"column\" data-e-type=\"column\">\n\t\t\t<div class=\"elementor-widget-wrap elementor-element-populated\">\n\t\t\t\t\t\t<div class=\"elementor-element elementor-element-de105d0 elementor-widget elementor-widget-text-editor\" data-id=\"de105d0\" data-element_type=\"widget\" data-e-type=\"widget\" data-widget_type=\"text-editor.default\">\n\t\t\t\t<div class=\"elementor-widget-container\">\n\t\t\t\t\t\t\t\t\t<p class=\"p1\" style=\"margin-bottom: 10px; text-align: justify; font-variant-numeric: normal; font-variant-east-asian: normal; font-stretch: normal; font-size: 18px; line-height: normal; font-family: &quot;Arial Narrow&quot;; color: rgb(0, 0, 0);\"><span class=\"Apple-converted-space\">&nbsp;<\/span>Deux livres \u00e0 acqu\u00e9rir et \u00e0 lire&nbsp;:<span class=\"Apple-converted-space\">&nbsp;<\/span><\/p><p class=\"p1\" style=\"margin-bottom: 10px; text-align: justify; font-variant-numeric: normal; font-variant-east-asian: normal; font-stretch: normal; font-size: 18px; line-height: normal; font-family: &quot;Arial Narrow&quot;; color: rgb(0, 0, 0);\">\u2013 <b><i>Un si\u00e8cle de psychom\u00e9trie et de psychologie<\/i><\/b>. \u00c9tablissements d\u2019applications psychotechniques (EAP), pr\u00e9face de Marcel TURBIAUX, Paris, L\u2019Harmattan, 2008<\/p><p class=\"p2\" style=\"margin-bottom: 10px; font-variant-numeric: normal; font-variant-east-asian: normal; font-stretch: normal; font-size: 18px; line-height: normal; font-family: &quot;Arial Narrow&quot;; color: rgb(0, 0, 0); text-align: start;\">&#8211;<b> <i>La Psychom\u00e9trie. \u00c9valuation et pronostic par les tests de psychom\u00e9trie<\/i>,<\/b> Paris, L\u2019Harmattan, 2016<\/p>\t\t\t\t\t\t\t\t<\/div>\n\t\t\t\t<\/div>\n\t\t\t\t\t<\/div>\n\t\t<\/div>\n\t\t\t\t\t<\/div>\n\t\t<\/section>\n\t\t\t\t<\/div>\n\t\t","protected":false},"excerpt":{"rendered":"<p>Denise Guyot et la g\u00e9rance des EAP&nbsp; (1927-1995) &nbsp;&nbsp;Robert &nbsp; Simonnet &nbsp;Les \u00c9tablissements d\u2019applications psychotechniques (EAP) \u00a0 Premi\u00e8re g\u00e9rance\u00a0 \u00a0 \u00a0 \u00a0 \u00a0 \u00a0 \u00a0 \u00a0 \u00a0 \u00a0 \u00a0 \u00a0 \u00a0 \u00a0 \u00a0 \u00a0 \u00a0Gaston\u00a0 Guyot\u00a0 1927 &#8211; 1943 \u00a0 En 1925, la Compagnie G\u00e9n\u00e9rale des Omnibus, la S.T.C.R.P. qui deviendra la R.A.T.P. au d\u00e9but [&hellip;]<\/p>\n","protected":false},"author":1,"featured_media":0,"parent":0,"menu_order":0,"comment_status":"closed","ping_status":"closed","template":"","meta":{"_crdt_document":"","footnotes":""},"class_list":["post-2667","page","type-page","status-publish","hentry"],"yoast_head":"<!-- This site is optimized with the Yoast SEO plugin v27.5 - https:\/\/yoast.com\/product\/yoast-seo-wordpress\/ -->\n<title>L&#039;histoire de la g\u00e9rance des EAP constructeur, \u00e9ditrice de tests<\/title>\n<meta name=\"description\" content=\"Denise Guyot, Guyot-Simonnet, EAP, constructeur de tests, \u00e9diteur de tests, Robert Simonnet, histoire des tests, batterie de tests\" \/>\n<meta name=\"robots\" content=\"index, follow, max-snippet:-1, max-image-preview:large, max-video-preview:-1\" \/>\n<link rel=\"canonical\" href=\"https:\/\/octamus.fr\/index.php\/denise-guyot-et-la-gerance-des-eap\/\" \/>\n<meta property=\"og:locale\" content=\"fr_FR\" \/>\n<meta property=\"og:type\" content=\"article\" \/>\n<meta property=\"og:title\" content=\"L&#039;histoire de la g\u00e9rance des EAP constructeur, \u00e9ditrice de tests\" \/>\n<meta property=\"og:description\" content=\"Denise Guyot, Guyot-Simonnet, EAP, constructeur de tests, \u00e9diteur de tests, Robert Simonnet, histoire des tests, batterie de tests\" \/>\n<meta property=\"og:url\" content=\"https:\/\/octamus.fr\/index.php\/denise-guyot-et-la-gerance-des-eap\/\" \/>\n<meta property=\"og:site_name\" content=\"OCTAMUS\" \/>\n<meta property=\"article:modified_time\" content=\"2023-10-09T08:42:20+00:00\" \/>\n<meta property=\"og:image\" content=\"https:\/\/octamus.fr\/wp-content\/uploads\/2021\/07\/denise-fig1.jpg\" \/>\n<meta name=\"twitter:card\" content=\"summary_large_image\" \/>\n<meta name=\"twitter:label1\" content=\"Dur\u00e9e de lecture estim\u00e9e\" \/>\n\t<meta name=\"twitter:data1\" content=\"10 minutes\" \/>\n<script type=\"application\/ld+json\" class=\"yoast-schema-graph\">{\"@context\":\"https:\\\/\\\/schema.org\",\"@graph\":[{\"@type\":\"WebPage\",\"@id\":\"https:\\\/\\\/octamus.fr\\\/index.php\\\/denise-guyot-et-la-gerance-des-eap\\\/\",\"url\":\"https:\\\/\\\/octamus.fr\\\/index.php\\\/denise-guyot-et-la-gerance-des-eap\\\/\",\"name\":\"L'histoire de la g\u00e9rance des EAP constructeur, \u00e9ditrice de tests\",\"isPartOf\":{\"@id\":\"https:\\\/\\\/octamus.fr\\\/#website\"},\"primaryImageOfPage\":{\"@id\":\"https:\\\/\\\/octamus.fr\\\/index.php\\\/denise-guyot-et-la-gerance-des-eap\\\/#primaryimage\"},\"image\":{\"@id\":\"https:\\\/\\\/octamus.fr\\\/index.php\\\/denise-guyot-et-la-gerance-des-eap\\\/#primaryimage\"},\"thumbnailUrl\":\"https:\\\/\\\/octamus.fr\\\/wp-content\\\/uploads\\\/2021\\\/07\\\/denise-fig1.jpg\",\"datePublished\":\"2021-07-30T10:59:10+00:00\",\"dateModified\":\"2023-10-09T08:42:20+00:00\",\"description\":\"Denise Guyot, Guyot-Simonnet, EAP, constructeur de tests, \u00e9diteur de tests, Robert Simonnet, histoire des tests, batterie de tests\",\"breadcrumb\":{\"@id\":\"https:\\\/\\\/octamus.fr\\\/index.php\\\/denise-guyot-et-la-gerance-des-eap\\\/#breadcrumb\"},\"inLanguage\":\"fr-FR\",\"potentialAction\":[{\"@type\":\"ReadAction\",\"target\":[\"https:\\\/\\\/octamus.fr\\\/index.php\\\/denise-guyot-et-la-gerance-des-eap\\\/\"]}]},{\"@type\":\"ImageObject\",\"inLanguage\":\"fr-FR\",\"@id\":\"https:\\\/\\\/octamus.fr\\\/index.php\\\/denise-guyot-et-la-gerance-des-eap\\\/#primaryimage\",\"url\":\"https:\\\/\\\/octamus.fr\\\/wp-content\\\/uploads\\\/2021\\\/07\\\/denise-fig1.jpg\",\"contentUrl\":\"https:\\\/\\\/octamus.fr\\\/wp-content\\\/uploads\\\/2021\\\/07\\\/denise-fig1.jpg\",\"width\":594,\"height\":272},{\"@type\":\"BreadcrumbList\",\"@id\":\"https:\\\/\\\/octamus.fr\\\/index.php\\\/denise-guyot-et-la-gerance-des-eap\\\/#breadcrumb\",\"itemListElement\":[{\"@type\":\"ListItem\",\"position\":1,\"name\":\"Accueil\",\"item\":\"https:\\\/\\\/octamus.fr\\\/\"},{\"@type\":\"ListItem\",\"position\":2,\"name\":\"L&rsquo;histoire de la g\u00e9rance des EAP\"}]},{\"@type\":\"WebSite\",\"@id\":\"https:\\\/\\\/octamus.fr\\\/#website\",\"url\":\"https:\\\/\\\/octamus.fr\\\/\",\"name\":\"OCTAMUS\",\"description\":\"Psychom\u00e9trie et Psychologie\",\"publisher\":{\"@id\":\"https:\\\/\\\/octamus.fr\\\/#organization\"},\"potentialAction\":[{\"@type\":\"SearchAction\",\"target\":{\"@type\":\"EntryPoint\",\"urlTemplate\":\"https:\\\/\\\/octamus.fr\\\/?s={search_term_string}\"},\"query-input\":{\"@type\":\"PropertyValueSpecification\",\"valueRequired\":true,\"valueName\":\"search_term_string\"}}],\"inLanguage\":\"fr-FR\"},{\"@type\":\"Organization\",\"@id\":\"https:\\\/\\\/octamus.fr\\\/#organization\",\"name\":\"OCTAMUS\",\"url\":\"https:\\\/\\\/octamus.fr\\\/\",\"logo\":{\"@type\":\"ImageObject\",\"inLanguage\":\"fr-FR\",\"@id\":\"https:\\\/\\\/octamus.fr\\\/#\\\/schema\\\/logo\\\/image\\\/\",\"url\":\"https:\\\/\\\/octamus.fr\\\/wp-content\\\/uploads\\\/2021\\\/05\\\/cropped-spheres-e1728397570855.png\",\"contentUrl\":\"https:\\\/\\\/octamus.fr\\\/wp-content\\\/uploads\\\/2021\\\/05\\\/cropped-spheres-e1728397570855.png\",\"width\":352,\"height\":41,\"caption\":\"OCTAMUS\"},\"image\":{\"@id\":\"https:\\\/\\\/octamus.fr\\\/#\\\/schema\\\/logo\\\/image\\\/\"}}]}<\/script>\n<!-- \/ Yoast SEO plugin. -->","yoast_head_json":{"title":"L'histoire de la g\u00e9rance des EAP constructeur, \u00e9ditrice de tests","description":"Denise Guyot, Guyot-Simonnet, EAP, constructeur de tests, \u00e9diteur de tests, Robert Simonnet, histoire des tests, batterie de tests","robots":{"index":"index","follow":"follow","max-snippet":"max-snippet:-1","max-image-preview":"max-image-preview:large","max-video-preview":"max-video-preview:-1"},"canonical":"https:\/\/octamus.fr\/index.php\/denise-guyot-et-la-gerance-des-eap\/","og_locale":"fr_FR","og_type":"article","og_title":"L'histoire de la g\u00e9rance des EAP constructeur, \u00e9ditrice de tests","og_description":"Denise Guyot, Guyot-Simonnet, EAP, constructeur de tests, \u00e9diteur de tests, Robert Simonnet, histoire des tests, batterie de tests","og_url":"https:\/\/octamus.fr\/index.php\/denise-guyot-et-la-gerance-des-eap\/","og_site_name":"OCTAMUS","article_modified_time":"2023-10-09T08:42:20+00:00","og_image":[{"url":"https:\/\/octamus.fr\/wp-content\/uploads\/2021\/07\/denise-fig1.jpg","type":"","width":"","height":""}],"twitter_card":"summary_large_image","twitter_misc":{"Dur\u00e9e de lecture estim\u00e9e":"10 minutes"},"schema":{"@context":"https:\/\/schema.org","@graph":[{"@type":"WebPage","@id":"https:\/\/octamus.fr\/index.php\/denise-guyot-et-la-gerance-des-eap\/","url":"https:\/\/octamus.fr\/index.php\/denise-guyot-et-la-gerance-des-eap\/","name":"L'histoire de la g\u00e9rance des EAP constructeur, \u00e9ditrice de tests","isPartOf":{"@id":"https:\/\/octamus.fr\/#website"},"primaryImageOfPage":{"@id":"https:\/\/octamus.fr\/index.php\/denise-guyot-et-la-gerance-des-eap\/#primaryimage"},"image":{"@id":"https:\/\/octamus.fr\/index.php\/denise-guyot-et-la-gerance-des-eap\/#primaryimage"},"thumbnailUrl":"https:\/\/octamus.fr\/wp-content\/uploads\/2021\/07\/denise-fig1.jpg","datePublished":"2021-07-30T10:59:10+00:00","dateModified":"2023-10-09T08:42:20+00:00","description":"Denise Guyot, Guyot-Simonnet, EAP, constructeur de tests, \u00e9diteur de tests, Robert Simonnet, histoire des tests, batterie de tests","breadcrumb":{"@id":"https:\/\/octamus.fr\/index.php\/denise-guyot-et-la-gerance-des-eap\/#breadcrumb"},"inLanguage":"fr-FR","potentialAction":[{"@type":"ReadAction","target":["https:\/\/octamus.fr\/index.php\/denise-guyot-et-la-gerance-des-eap\/"]}]},{"@type":"ImageObject","inLanguage":"fr-FR","@id":"https:\/\/octamus.fr\/index.php\/denise-guyot-et-la-gerance-des-eap\/#primaryimage","url":"https:\/\/octamus.fr\/wp-content\/uploads\/2021\/07\/denise-fig1.jpg","contentUrl":"https:\/\/octamus.fr\/wp-content\/uploads\/2021\/07\/denise-fig1.jpg","width":594,"height":272},{"@type":"BreadcrumbList","@id":"https:\/\/octamus.fr\/index.php\/denise-guyot-et-la-gerance-des-eap\/#breadcrumb","itemListElement":[{"@type":"ListItem","position":1,"name":"Accueil","item":"https:\/\/octamus.fr\/"},{"@type":"ListItem","position":2,"name":"L&rsquo;histoire de la g\u00e9rance des EAP"}]},{"@type":"WebSite","@id":"https:\/\/octamus.fr\/#website","url":"https:\/\/octamus.fr\/","name":"OCTAMUS","description":"Psychom\u00e9trie et Psychologie","publisher":{"@id":"https:\/\/octamus.fr\/#organization"},"potentialAction":[{"@type":"SearchAction","target":{"@type":"EntryPoint","urlTemplate":"https:\/\/octamus.fr\/?s={search_term_string}"},"query-input":{"@type":"PropertyValueSpecification","valueRequired":true,"valueName":"search_term_string"}}],"inLanguage":"fr-FR"},{"@type":"Organization","@id":"https:\/\/octamus.fr\/#organization","name":"OCTAMUS","url":"https:\/\/octamus.fr\/","logo":{"@type":"ImageObject","inLanguage":"fr-FR","@id":"https:\/\/octamus.fr\/#\/schema\/logo\/image\/","url":"https:\/\/octamus.fr\/wp-content\/uploads\/2021\/05\/cropped-spheres-e1728397570855.png","contentUrl":"https:\/\/octamus.fr\/wp-content\/uploads\/2021\/05\/cropped-spheres-e1728397570855.png","width":352,"height":41,"caption":"OCTAMUS"},"image":{"@id":"https:\/\/octamus.fr\/#\/schema\/logo\/image\/"}}]}},"jetpack_sharing_enabled":true,"_links":{"self":[{"href":"https:\/\/octamus.fr\/index.php\/wp-json\/wp\/v2\/pages\/2667","targetHints":{"allow":["GET"]}}],"collection":[{"href":"https:\/\/octamus.fr\/index.php\/wp-json\/wp\/v2\/pages"}],"about":[{"href":"https:\/\/octamus.fr\/index.php\/wp-json\/wp\/v2\/types\/page"}],"author":[{"embeddable":true,"href":"https:\/\/octamus.fr\/index.php\/wp-json\/wp\/v2\/users\/1"}],"replies":[{"embeddable":true,"href":"https:\/\/octamus.fr\/index.php\/wp-json\/wp\/v2\/comments?post=2667"}],"version-history":[{"count":43,"href":"https:\/\/octamus.fr\/index.php\/wp-json\/wp\/v2\/pages\/2667\/revisions"}],"predecessor-version":[{"id":5811,"href":"https:\/\/octamus.fr\/index.php\/wp-json\/wp\/v2\/pages\/2667\/revisions\/5811"}],"wp:attachment":[{"href":"https:\/\/octamus.fr\/index.php\/wp-json\/wp\/v2\/media?parent=2667"}],"curies":[{"name":"wp","href":"https:\/\/api.w.org\/{rel}","templated":true}]}}